{"id":297,"date":"2021-10-23T22:40:43","date_gmt":"2021-10-23T22:40:43","guid":{"rendered":"https:\/\/cts-chile.cl\/xiiiencuentro\/?page_id=297"},"modified":"2026-01-02T17:12:26","modified_gmt":"2026-01-02T17:12:26","slug":"comitecientifico","status":"publish","type":"page","link":"https:\/\/cts-chile.cl\/xiiiencuentro\/comitecientifico\/","title":{"rendered":"Comit\u00e9 Cient\u00edfico"},"content":{"rendered":"\n<div class=\"wp-block-group\"><div class=\"wp-block-group__inner-container is-layout-constrained wp-block-group-is-layout-constrained\">\n<div class=\"wp-block-group\"><div class=\"wp-block-group__inner-container is-layout-constrained wp-block-group-is-layout-constrained\">\n<style>\n.academic-card {\n  display: flex;\n  align-items: flex-start;\n  margin-bottom: 2rem;\n  max-width: 1000px;\n  margin-left: auto;\n  margin-right: auto;\n}\n.academic-card img {\n  width: 300px;\n  height: 300px;\n  object-fit: cover;\n  margin-right: 1.5rem;\n  margin-bottom: 1.5rem;\n  border-radius: 15px;\n}\n.academic-card .info {\n  flex: 1;\n}\n.academic-card .name {\n  font-size: 1.2rem;\n  font-weight: 600;\n  margin-bottom: 0.3rem;\n}\n.academic-card .title {\n  font-style: italic;\n  color: #555;\n  margin-bottom: 0.5rem;\n}\n<\/style>\n\n<div class=\"academic-card\">\n  <img src=https:\/\/cts-chile.cl\/xiiiencuentro\/wp-content\/uploads\/2025\/10\/Marcela-Salgado-Vargas-e1759321110681.jpg\" alt=\"Dra. Marcela Salgado \">\n  <div class=\"info\">\n    <div class=\"name\">Dra. Marcela Salgado<\/div>\n    <div class=\"title\">Profesora Asociada Facultad de Ciencias Ambientales, Universidad de Concepci\u00f2n<\/div>\n    <p>Soci\u00f3loga, Magister en Gesti\u00f3n y Planificaci\u00f3n Ambiental y Doctora en Ciencias Sociales de la Universidad Chile. Entre sus \u00e1reas de inter\u00e9s y trabajo se encuentran las din\u00e1micas socioecol\u00f3gicas, con \u00e9nfasis en gobernanza del agua y conflictos hidrosociales en territorios del centro-sur de Chile. Actualmente es profesora asistente del Departamento de Planificaci\u00f3n Territorial y Sistemas Urbanos de la Facultad de Ciencias Ambientales de la Universidad de Concepci\u00f3n. <\/p>\n  <\/div>\n<\/div>\n<div class=\"academic-card\">\n  <img src=https:\/\/cts-chile.cl\/xiiiencuentro\/wp-content\/uploads\/2025\/10\/Marcela-Yevenes.jpg\" alt=\"Dr. Felipe Infante\">\n  <div class=\"info\">\n    <div class=\"name\">Dra. Mariela Y\u00e9venes<\/div>\n    <div class=\"title\">Profesora Asociada Facultad de Ciencias Ambientales, Universidad de Concepci\u00f3n <\/div>\n    <p>Directora del Laboratorio de Agua y Ciencia Ciudadana (LAAC). Doctora en Qu\u00edmica del Agua (Universidad de Twente) y Master en Ciencias con Menci\u00f3n en Oceanograf\u00eda Costera (Universidad Aut\u00f3noma de Baja California). Con m\u00e1s 20 a\u00f1os de trayectoria en geoqu\u00edmica de ecosistemas acu\u00e1ticos, ha orientado su investigaci\u00f3n hacia la relaci\u00f3n entre procesos geoqu\u00edmicos ambientales y territorio, incorporando la ciencia ciudadana como eje central.  Fue coordinadora y primera directora del Mag\u00edster en Ciencias Ambientales de la Facultad de Ciencias Ambientales (FCA) de la Universidad de Concepci\u00f3n, donde tambi\u00e9n cre\u00f3 el curso semestral de Introducci\u00f3n a la Ciencia Ciudadana.<\/p>\n  <\/div>\n<\/div>\n<div class=\"academic-card\">\n  <img src=https:\/\/cts-chile.cl\/xiiiencuentro\/wp-content\/uploads\/2025\/10\/Jeanne.jpg\" alt=\"Dr. Jeanne Simon\">\n  <div class=\"info\">\n    <div class=\"name\">Dra. Jeanne W. Simon<\/div>\n    <div class=\"title\">Profesora Asociada Facultad de Ciencias Jur\u00eddicas y Sociales, Universidad de Concepci\u00f3n <\/div>\n    <p>Polit\u00f3loga con un Doctorado en Estudios Internacionales de la University of Denver (USA). Sus l\u00edneas principales de investigaci\u00f3n son gobernanza y pol\u00edticas p\u00fablicas al nivel sub-nacional. Actualmente, como Investigadora Asociada del Centro Interdisciplinario para investigaci\u00f3n en acuicultura (Fondap 1523A0007), analiza la capacidad territorial de adaptarse al cambio clim\u00e1tico en la zona costera en Chile.\u00a0<\/p>\n  <\/div>\n<\/div>\n<\/div><\/div>\n\n\n\n<div class=\"wp-block-group\"><div class=\"wp-block-group__inner-container is-layout-constrained wp-block-group-is-layout-constrained\">\n<style>\n.academic-card {\n  display: flex;\n  align-items: flex-start;\n  margin-bottom: 2rem;\n  max-width: 1000px;\n  margin-left: auto;\n  margin-right: auto;\n}\n.academic-card img {\n  width: 300px;\n  height: 300px;\n  object-fit: cover;\n  margin-right: 1.5rem;\n  margin-bottom: 1.5rem;\n  border-radius: 15px;\n}\n.academic-card .info {\n  flex: 1;\n}\n.academic-card .name {\n  font-size: 1.2rem;\n  font-weight: 600;\n  margin-bottom: 0.3rem;\n}\n.academic-card .title {\n  font-style: italic;\n  color: #555;\n  margin-bottom: 0.5rem;\n}\n<\/style>\n\n<div class=\"academic-card\">\n  <img src=https:\/\/cts-chile.cl\/xiiiencuentro\/wp-content\/uploads\/2025\/10\/Felipe-Infante.jpg\" alt=\"Dr. Felipe Infante\">\n  <div class=\"info\">\n    <div class=\"name\">Dr. Felipe Infante<\/div>\n    <div class=\"title\">Investigador Asociado Laboratorio de Estudios del Antropoceno (LEA). Universidad de Concepci\u00f3n<\/div>\n    <p>Doctor y magister en antropolog\u00eda por la University of Florida (UF), Antrop\u00f3logo de la Universidad de Concepci\u00f3n. Se ha dedicado a estudiar manejo de recursos naturales en sistemas socio-ecol\u00f3gicos desde la estructura social y din\u00e1micas locales de capital social por medio del an\u00e1lisis de redes sociales. Su docencia se ha enfocado en antropolog\u00eda ecol\u00f3gica, ecolog\u00eda pol\u00edtica, sistemas socio-ecol\u00f3gicos y sustentabilidad. Actualmente es profesor colaborador de la Facultad de Ciencias Sociales de la Universidad de Concepci\u00f3n y del Doctorado en Estudios Territoriales del Sur Global (DetSur).<\/p>\n  <\/div>\n<\/div>\n\n<div class=\"academic-card\">\n  <img data-recalc-dims=\"1\" decoding=\"async\" src=\"https:\/\/i0.wp.com\/cts-chile.cl\/xiiiencuentro\/wp-content\/uploads\/2025\/10\/Felipe-Infante3.jpg?w=1400&#038;ssl=1\" alt=\"Dr. Cristobal Pizarro\">\n  <div class=\"info\">\n    <div class=\"name\">Dr. Cristobal Pizarro<\/div>\n    <div class=\"title\">Profesor Asistente Facultad de Ciencias Forestales, Universidad de Concepci\u00f3n<\/div>\n    <p>Cient\u00edfico socioambiental. Dirige el Laboratorio de Estudios del Antropoceno (LEA) y es investigador asociado del Insituto de Ecolog\u00eda y Biodiversidad de Chile. Investiga la conservaci\u00f3n biocultural en contextos de cambio socioambiental, con \u00e9nfasis en el rol de las comunidades ind\u00edgenas en la protecci\u00f3n del medio ambiente.  .<\/p>\n  <\/div>\n<\/div>\n\n<div class=\"academic-card\">\n  <img data-recalc-dims=\"1\" decoding=\"async\" src=\"https:\/\/i0.wp.com\/cts-chile.cl\/xiiiencuentro\/wp-content\/uploads\/2025\/10\/Camila-Luna-Moreno.jpg?w=1400&#038;ssl=1\" alt=\"Dra. Marta Salinas\">\n  <div class=\"info\">\n    <div class=\"name\">Mg. Camila Luna Moreno<\/div>\n    <div class=\"title\">Departamento de Formaci\u00f3n Integral. Universidad San Sebastian<\/div>\n    <p>Profesora de Filosof\u00eda y Mag\u00edster en Filosof\u00eda por la Universidad de Concepci\u00f3n. Premio Universidad de Concepci\u00f3n 2020. Actualmente es profesora asociada al Departamento de Formaci\u00f3n Integral de la Facultad de Psicolog\u00eda y Humanidades de la Universidad San Sebasti\u00e1n. Sus l\u00edneas de investigaci\u00f3n se centran en Filosof\u00eda de las Ciencias, Bio\u00e9tica y estudios cr\u00edticos sobre el Transhumanismo.<\/p>\n  <\/div>\n<\/div>\n<\/div><\/div>\n\n\n\n<style>\n.academic-card {\n  display: flex;\n  align-items: flex-start;\n  margin-bottom: 2rem;\n  max-width: 1000px;\n  margin-left: auto;\n  margin-right: auto;\n}\n.academic-card img {\n  width: 300px;\n  height: 300px;\n  object-fit: cover;\n  margin-right: 1.5rem;\n  margin-bottom: 1.5rem;\n  border-radius: 15px;\n}\n.academic-card .info {\n  flex: 1;\n}\n.academic-card .name {\n  font-size: 1.2rem;\n  font-weight: 600;\n  margin-bottom: 0.3rem;\n}\n.academic-card .title {\n  font-style: italic;\n  color: #555;\n  margin-bottom: 0.5rem;\n}\n<\/style>\n\n<div class=\"academic-card\">\n  <img src=https:\/\/cts-chile.cl\/xiiiencuentro\/wp-content\/uploads\/2025\/10\/Noelia-Carrasco.jpg\" alt=\"Dr. Noelia Carrasco\">\n  <div class=\"info\">\n    <div class=\"name\">Dra. Noelia Carrasco<\/div>\n    <div class=\"title\">Profesora Titular. Departamento de Historia, Universidad de Concepci\u00f3n<\/div>\n    <p>Antrop\u00f3loga, Doctora en Antropolog\u00eda Social y Cultural (Universitat Aut\u00f3noma de Barcelona) Investigadora del Programa de Investigaci\u00f3n Ciencia, Desarrollo y Sociedad en Am\u00e9rica Latina (Cidesal UdeC) y del Centro de Ciencia del Clima y la Resiliencia (CR)2. Su campo de investigaci\u00f3n son las tensiones entre la diversidad cultural, la desigualdad econ\u00f3mica y la crisis ecol\u00f3gica. Ha centrado su trabajo etnogr\u00e1fico en procesos territoriales asociados a las relaciones entre empresas y comunidades, las construcciones locales y globales del desarrollo, la soberan\u00eda y los sistemas alimentarios, los procesos de patrimonializaci\u00f3n de la naturaleza y la cultura, la gobernanza de cuencas y la conservaci\u00f3n de la biodiversidad. <\/p>\n  <\/div>\n<\/div>\n\n<div class=\"academic-card\">\n  <img data-recalc-dims=\"1\" decoding=\"async\" src=\"https:\/\/i0.wp.com\/cts-chile.cl\/xiiiencuentro\/wp-content\/uploads\/2025\/10\/Pedro-Salcedo.jpg?w=1400&#038;ssl=1\" alt=\"Dr. Salcedo \">\n  <div class=\"info\">\n    <div class=\"name\">Dr. Pedro Salcedo<\/div>\n    <div class=\"title\">Profesor Titular. Departamento de Metodolog\u00eda de la Investigaci\u00f3n e Inform\u00e1tica Educacional, Universidad de Concepci\u00f3n<\/div>\n    <p>Sus l\u00edneas de investigaci\u00f3n se centran en la Ingenier\u00eda del Conocimiento, Computaci\u00f3n Afectiva, Inteligencia Artificial, Neuro computaci\u00f3n y Ling\u00fc\u00edstica Aplicada. Ha impartido cursos de posgrado sobre temas como la \u00abIngenier\u00eda del Conocimiento,\u00bb \u00abInteligencia Artificial y Rob\u00f3tica,\u00bb y \u00abProcesamiento del Lenguaje Natural\u00bb. Adem\u00e1s, ha dirigido varios proyectos de investigaci\u00f3n relacionados con la integraci\u00f3n de la Inteligencia Artificial en la sociedad. Actualmente, coordina un proyecto de CYTED enfocado en nuevas tecnolog\u00edas para el diagn\u00f3stico y tratamiento de la salud mental, el cual incluye la colaboraci\u00f3n de 103 investigadores de nueve pa\u00edses hispanoamericanos. <\/p>\n  <\/div>\n<\/div>\n\n<div class=\"academic-card\">\n  <img data-recalc-dims=\"1\" decoding=\"async\" src=\"https:\/\/i0.wp.com\/cts-chile.cl\/xiiiencuentro\/wp-content\/uploads\/2025\/10\/manriquez-ramirez_valentina.jpg?w=1400&#038;ssl=1\" alt=\"Mg. Valentina Manriquez\">\n  <div class=\"info\">\n    <div class=\"name\">Mg. Valentina Manriquez<\/div>\n    <div class=\"title\">ONG Conciencia Sur<\/div>\n    <p>Bi\u00f3loga marina y Mag\u00edster en Biodiversidad y conservaci\u00f3n marina. Su l\u00ednea de investigaci\u00f3n aborda la interacci\u00f3n entre sistemas ecol\u00f3gicos y sociales costeros, integrando perspectivas de g\u00e9nero y justicia socioambiental. Su trabajo se ha enfocado en la conservaci\u00f3n de ecosistemas costeros de alta biodiversidad y valor social y en la promoci\u00f3n del di\u00e1logo de saberes entre la ciencia acad\u00e9mica y los conocimientos ecol\u00f3gicos locales para abordar desaf\u00edos ambientales. Actualmente est\u00e1 interesada particularmente en los enfoques transdisciplinares, feministas y la ciencia comunitaria. \n\n<\/p>\n  <\/div>\n<\/div>\n\n\n\n<style>\n.academic-card {\n  display: flex;\n  align-items: flex-start;\n  margin-bottom: 2rem;\n  max-width: 1000px;\n  margin-left: auto;\n  margin-right: auto;\n}\n.academic-card img {\n  width: 300px;\n  height: 300px;\n  object-fit: cover;\n  margin-right: 1.5rem;\n  margin-bottom: 1.5rem;\n  border-radius: 15px;\n}\n.academic-card .info {\n  flex: 1;\n}\n.academic-card .name {\n  font-size: 1.2rem;\n  font-weight: 600;\n  margin-bottom: 0.3rem;\n}\n.academic-card .title {\n  font-style: italic;\n  color: #555;\n  margin-bottom: 0.5rem;\n}\n<\/style>\n\n<div class=\"academic-card\">\n  <img data-recalc-dims=\"1\" decoding=\"async\" src=\"https:\/\/i0.wp.com\/cts-chile.cl\/xiiiencuentro\/wp-content\/uploads\/2025\/10\/Francisco-Salinas-Lemus.jpg?w=1400&#038;ssl=1\" alt=\"Dr. Francisco Salinas Lemus\">\n  <div class=\"info\">\n    <div class=\"name\">Dr. Francisco Salinas Lemus<\/div>\n    <div class=\"title\">Profesor Asistente. Departamento de Sociolog\u00eda, Universidad Alberto Hurtado<\/div>\n    <p>Es doctor en Sociolog\u00eda del Conocimiento por la University College London, con pregrado en Sociolog\u00eda por la Pontificia Universidad Cat\u00f3lica de Chile y mag\u00edster en Pensamiento Contempor\u00e1neo por la Universidad Diego Portales. Director Magister en Ciencia, Tecnolog\u00eda y Sociedad de la Universidad Alberto Hurtado. Sus \u00e1reas de investigaci\u00f3n son la teor\u00eda social, los estudios CTS, la teor\u00eda del actor-red y la experticia medioambiental, con un proyecto ANID en curso sobre ingenier\u00edas y cambio clim\u00e1tico en Chile, con un \u00e9nfasis en la experticia de la ingenier\u00eda hidr\u00e1ulica y la hidrolog\u00eda.\n <\/p>\n  <\/div>\n<\/div>\n\n<div class=\"academic-card\">\n  <img data-recalc-dims=\"1\" decoding=\"async\" src=\"https:\/\/i0.wp.com\/cts-chile.cl\/xiiiencuentro\/wp-content\/uploads\/2025\/10\/Francisca-Ravanal-Waker.png?w=1400&#038;ssl=1\" alt=\"Francisca Ravanal \">\n  <div class=\"info\">\n    <div class=\"name\">Francisca Ravanal<\/div>\n    <div class=\"title\">Corporaci\u00f3n Nacional Forestal<\/div>\n    <p>M\u00e9dica Veterinaria (U. de Concepci\u00f3n), diplomada en medio ambiente (Centro EULA-Chile) y tesista de Maestr\u00eda en Liderazgo Ambiental (UCI, Costa Rica). Investigadora en fauna nativa y gobernanza en \u00e1reas protegidas, con \u00e9nfasis en bienestar humano y participaci\u00f3n. Con m\u00e1s de 15 a\u00f1os en conservaci\u00f3n, se ha desempe\u00f1ado en CONAF desde 2015 en Atacama, Biob\u00edo y Valpara\u00edso, liderando planes de manejo, conservaci\u00f3n de especies, restauraci\u00f3n ecol\u00f3gica, educaci\u00f3n ambiental, control de invasoras, monitoreo biol\u00f3gico, ba\u00f1os de bosque (Shinrin Yoku), resoluci\u00f3n de conflictos socioambientales y fortalecimiento de la gobernanza territorial con enfoque biocultural. <\/p>\n  <\/div>\n<\/div>\n\n<div class=\"academic-card\">\n  <img data-recalc-dims=\"1\" decoding=\"async\" src=\"https:\/\/i0.wp.com\/cts-chile.cl\/xiiiencuentro\/wp-content\/uploads\/2025\/10\/Clara-Parra.jpg?w=1400&#038;ssl=1\" alt=\"Mg. Valentina Manriquez\">\n  <div class=\"info\">\n    <div class=\"name\">Dra. Clara Parra<\/div>\n    <div class=\"title\">Profesor Asistente Departamento de Espa\u00f1ol, Universidad de Concepci\u00f3n<\/div>\n    <p>Profesora de espa\u00f1ol e ingl\u00e9s, Mag\u00edster en literatura hispanoamericana y Doctor en Literatura Latinoamericana. Sus \u00e1reas de investigaci\u00f3n son la teor\u00eda cr\u00edtica latinoamericana, las letras del siglo XIX hispanoamericano, las publicaciones peri\u00f3dicas, el ensayo en expresi\u00f3n espa\u00f1ola y la poes\u00eda hispanoamericana. Actualmente dirige la revista Atenea, revista oficial de la Universidad de Concepci\u00f3n, y desarrolla investigaciones en torno a la relaci\u00f3n entre po\u00e9ticas y crisis clim\u00e1tica en equipos interdisciplinarios e interinstitucionales.\n\n<\/p>\n  <\/div>\n<\/div>\n\n\n\n<style>\n.academic-card {\n  display: flex;\n  align-items: flex-start;\n  margin-bottom: 2rem;\n  max-width: 1000px;\n  margin-left: auto;\n  margin-right: auto;\n}\n.academic-card img {\n  width: 300px;\n  height: 300px;\n  object-fit: cover;\n  margin-right: 1.5rem;\n  margin-bottom: 1.5rem;\n  border-radius: 15px;\n}\n.academic-card .info {\n  flex: 1;\n}\n.academic-card .name {\n  font-size: 1.2rem;\n  font-weight: 600;\n  margin-bottom: 0.3rem;\n}\n.academic-card .title {\n  font-style: italic;\n  color: #555;\n  margin-bottom: 0.5rem;\n}\n<\/style>\n\n<div class=\"academic-card\">\n  <img data-recalc-dims=\"1\" decoding=\"async\" src=\"https:\/\/i0.wp.com\/cts-chile.cl\/xiiiencuentro\/wp-content\/uploads\/2025\/12\/Camilo-Matias.jpg?w=1400&#038;ssl=1\" alt=\"Sr. Camilo Matias\">\n  <div class=\"info\">\n    <div class=\"name\">Mg. Camilo Matias Quilap\u00e1n<\/div>\n    <div class=\"title\">Profesor Titular. Departamento de Formaci\u00f3n Integral, Universidad San Sebastian <\/div>\n    <p>Es Acad\u00e9mico de filosof\u00eda en la Universidad San Sebasti\u00e1n (Chile). Miembro del Grupo de Estudio e Investigaci\u00f3n \u00c9tica, IA y Desaf\u00edos Actuales. Licenciado en Educaci\u00f3n, Profesor de Filosof\u00eda en Ense\u00f1anza Media, Licenciado en Filosof\u00eda, Universidad de los Andes, Chile, y Mag\u00edster en Doctrina Social de la Iglesia, Universidad San Sebasti\u00e1n, Chile. Ha desarrollado su labor docente en el \u00e1mbito de la Antropolog\u00eda y la \u00c9tica filos\u00f3fica. Sus \u00e1reas de estudio en su campo son Teor\u00eda del Conocimiento, Filosof\u00eda Moderna y  Filosof\u00eda de la Ciencia. Actualmente centra su investigaci\u00f3n en los aportes y desaf\u00edos que surgen de la relaci\u00f3n entre el ser humano y las nuevas tecnolog\u00edas, especialmente en torno a la virtualidad y la Inteligencia Artificial\n <\/p>\n  <\/div>\n<\/div>\n\n<div class=\"academic-card\">\n  <img data-recalc-dims=\"1\" decoding=\"async\" src=\"https:\/\/i0.wp.com\/cts-chile.cl\/xiiiencuentro\/wp-content\/uploads\/2025\/12\/Manzana.png?w=1400&#038;ssl=1\" alt=\"D\u00e9bora Ramirez \">\n  <div class=\"info\">\n    <div class=\"name\">MSc. D\u00e9bora Ramirez Rojas<\/div>\n    <div class=\"title\">Fundaci\u00f3n Manzana Verde<\/div>\n    <p>Prof. de Espa\u00f1ol, MSc. en Agroecolog\u00eda, capacitadora y certificadora del Programa de Cuidado Co-Participativo de Cuencas Global Water Watch (GWW) Internacional. Especializaci\u00f3n en metodolog\u00edas participativas. Se interesa por el estudio de las contribuciones rec\u00edprocas entre humanidad y dem\u00e1s componentes de la naturaleza, la \u00e9tica y la memoria biocultural, la did\u00e1ctica en la educaci\u00f3n ambiental, el dise\u00f1o de procesos metodol\u00f3gicos creativos y participativos, los cruces entre artes, ciencia y naturaleza, la planificaci\u00f3n territorial y el monitoreo comunitario de aguas. Actualmente es Directora de Fundaci\u00f3n Manzana Verde, Coordinadora Sociocomunitaria del Programa GWW Chile y Coordinadora de Vinculaci\u00f3n Territorial en R\u00edos Protegidos <\/p>\n  <\/div>\n<\/div>\n\n<div class=\"academic-card\">\n  <img data-recalc-dims=\"1\" decoding=\"async\" src=\"https:\/\/i0.wp.com\/cts-chile.cl\/xiiiencuentro\/wp-content\/uploads\/2025\/12\/Martin.jpg?w=1400&#038;ssl=1\" alt=\"Dr. Martin\">\n  <div class=\"info\">\n    <div class=\"name\">Dr. Mart\u00edn Perez Comisso<\/div>\n    <div class=\"title\">Coordinador Inter- y Trans- disciplina. Facultad de Ciencias Qu\u00edmicas y Farmace\u00faticas. Universidad de Chile <\/div>\n    <p>Es qu\u00edmico por la Universidad de Chile y doctor en Dimensiones Humanas y Sociales de la Ciencia y la Tecnolog\u00eda por Arizona State University (ASU). Es coordinador de inter- y transdisciplina en la Facultad de Ciencias Qu\u00edmicas y Farmac\u00e9uticas de la Universidad de Chile, donde ense\u00f1a CTS en pregrado. Desde 2024 es docente colaborador del mag\u00edster en Ciencia, Tecnolog\u00eda y Sociedad de la Universidad Alberto Hurtado. Su trabajo aborda la gobernanza anticipatoria y los v\u00ednculos entre comunidades epist\u00e9micas en Am\u00e9rica Latina. Es coinvestigador en un Fondecyt sobre escenarios, director de Society for Social Studies of Science (4S) y presidente de Wikimedia Chile. \n<\/p>\n  <\/div>\n<\/div>\n\n\n\n<style>\n.academic-card {\n  display: flex;\n  align-items: flex-start;\n  margin-bottom: 2rem;\n  max-width: 1000px;\n  margin-left: auto;\n  margin-right: auto;\n}\n.academic-card img {\n  width: 300px;\n  height: 300px;\n  object-fit: cover;\n  margin-right: 1.5rem;\n  margin-bottom: 1.5rem;\n  border-radius: 15px;\n}\n.academic-card .info {\n  flex: 1;\n}\n.academic-card .name {\n  font-size: 1.2rem;\n  font-weight: 600;\n  margin-bottom: 0.3rem;\n}\n.academic-card .title {\n  font-style: italic;\n  color: #555;\n  margin-bottom: 0.5rem;\n}\n<\/style>\n\n<div class=\"academic-card\">\n  <img data-recalc-dims=\"1\" decoding=\"async\" src=\"https:\/\/i0.wp.com\/cts-chile.cl\/xiiiencuentro\/wp-content\/uploads\/2026\/01\/estemen.png?w=1400&#038;ssl=1\" alt=\"Sr. \">\n  <div class=\"info\">\n    <div class=\"name\">Dr.(c) Daniel Britto Garc\u00eda<\/div>\n    <div class=\"title\">Profesor Instructor. Departamento de Formaci\u00f3n Integral, Universidad San Sebastian <\/div>\n    <p> Licenciado en Filosof\u00eda, Licenciado en Educaci\u00f3n y Profesor de educaci\u00f3n media en Filosof\u00eda (UCSC). Mag\u00edster en Filosof\u00eda (UdeC). Doctor (c) en Ciencias Humanas, menci\u00f3n Discurso y Cultura por la Universidad Austral de Chile (UACH). Sus l\u00edneas de investigaci\u00f3n son la filosof\u00eda antigua (principalmente Plat\u00f3n y Arist\u00f3teles), filosof\u00eda pol\u00edtica contempor\u00e1nea (principalmente Hannah Arendt) y la hermen\u00e9utica contempor\u00e1nea (principalmente Paul Ricoeur).\n <\/p>\n  <\/div>\n<\/div>\n\n<div class=\"academic-card\">\n  <img data-recalc-dims=\"1\" decoding=\"async\" src=\"https:\/\/i0.wp.com\/cts-chile.cl\/xiiiencuentro\/wp-content\/uploads\/2026\/01\/Olivia-Vergara-Parra-Campus-Naturaleza-UdeC.jpg?w=1400&#038;ssl=1\" alt=\"OVergara \">\n  <div class=\"info\">\n    <div class=\"name\">Dra. Olivia Vergara Parra<\/div>\n    <div class=\"title\">Proyecto Campus Naturaleza Universidad de Concepci\u00f3n<\/div>\n    <p>Bi\u00f3loga de la Universidad de Concepci\u00f3n y Doctora en Conservaci\u00f3n Biol\u00f3gica, de Victoria University of Wellington, Nueva Zelanda. Su experiencia trabajando con universidades, organismos p\u00fablicos y privados le han permitido manejar diferentes aspectos de la conservaci\u00f3n de la biodiversidad que incluyen, vinculaci\u00f3n con las comunidades, formaci\u00f3n, planificaci\u00f3n de proyectos e investigaci\u00f3n.   Actualmente, est\u00e1 a cargo de coordinar y ejecutar las actividades de vinculaci\u00f3n y educaci\u00f3n ambiental biocultural de Campus Naturaleza Universidad de Concepci\u00f3n. Este proyecto institucional de la Casa de Estudios penquista, se enfoca en la conservaci\u00f3n y restauraci\u00f3n de la biodiversidad de ecosistemas nativos terrestres y acu\u00e1ticos, adyacentes a Campus patrimonial, y ofrece un lugar para sensibilizaci\u00f3n e involucramiento ciudadano, educaci\u00f3n biocultural y salud integral.<\/p>\n  <\/div>\n<\/div>\n\n<div class=\"academic-card\">\n  <img data-recalc-dims=\"1\" decoding=\"async\" src=\"https:\/\/i0.wp.com\/cts-chile.cl\/xiiiencuentro\/wp-content\/uploads\/2026\/01\/MissVoltaire.jpg?w=1400&#038;ssl=1\" alt=\"Dr. Voltaire\">\n  <div class=\"info\">\n    <div class=\"name\">Dr. Voltaire Alvarado<\/div>\n    <div class=\"title\">Director del Programa de Doctorado de Estudios Territoriales del Sur Global<\/div>\n    <p>\n<\/p>\n  <\/div>\n<\/div>\n<\/div><\/div>\n\n\n\n<p><\/p>\n","protected":false},"excerpt":{"rendered":"<p>Dra. Mariela Y\u00e9venes Profesora Asociada Facultad de Ciencias Ambientales, Universidad de Concepci\u00f3n Directora del Laboratorio de Agua y Ciencia Ciudadana (LAAC). Doctora en Qu\u00edmica del Agua (Universidad de Twente) y Master en Ciencias con Menci\u00f3n en Oceanograf\u00eda Costera (Universidad Aut\u00f3noma de Baja California). Con m\u00e1s 20 a\u00f1os de trayectoria en geoqu\u00edmica de ecosistemas acu\u00e1ticos, ha&hellip;<\/p>\n<a class=\"read-more-link\" href=\" https:\/\/cts-chile.cl\/xiiiencuentro\/comitecientifico\/ \">Read More<\/a>","protected":false},"author":1,"featured_media":0,"parent":0,"menu_order":0,"comment_status":"closed","ping_status":"closed","template":"","meta":{"footnotes":""},"class_list":["post-297","page","type-page","status-publish","hentry","col-lg-4 col-sm-6"],"jetpack_sharing_enabled":true,"_links":{"self":[{"href":"https:\/\/cts-chile.cl\/xiiiencuentro\/wp-json\/wp\/v2\/pages\/297","targetHints":{"allow":["GET"]}}],"collection":[{"href":"https:\/\/cts-chile.cl\/xiiiencuentro\/wp-json\/wp\/v2\/pages"}],"about":[{"href":"https:\/\/cts-chile.cl\/xiiiencuentro\/wp-json\/wp\/v2\/types\/page"}],"author":[{"embeddable":true,"href":"https:\/\/cts-chile.cl\/xiiiencuentro\/wp-json\/wp\/v2\/users\/1"}],"replies":[{"embeddable":true,"href":"https:\/\/cts-chile.cl\/xiiiencuentro\/wp-json\/wp\/v2\/comments?post=297"}],"version-history":[{"count":21,"href":"https:\/\/cts-chile.cl\/xiiiencuentro\/wp-json\/wp\/v2\/pages\/297\/revisions"}],"predecessor-version":[{"id":1177,"href":"https:\/\/cts-chile.cl\/xiiiencuentro\/wp-json\/wp\/v2\/pages\/297\/revisions\/1177"}],"wp:attachment":[{"href":"https:\/\/cts-chile.cl\/xiiiencuentro\/wp-json\/wp\/v2\/media?parent=297"}],"curies":[{"name":"wp","href":"https:\/\/api.w.org\/{rel}","templated":true}]}}