{"id":1342,"date":"2023-10-18T21:23:47","date_gmt":"2023-10-19T01:23:47","guid":{"rendered":"https:\/\/cts-chile.cl\/xiencuentro\/?page_id=1342"},"modified":"2023-10-30T21:41:44","modified_gmt":"2023-10-31T01:41:44","slug":"comite-cientifico","status":"publish","type":"page","link":"https:\/\/cts-chile.cl\/xiencuentro\/comite-cientifico\/","title":{"rendered":"Comit\u00e9 Cient\u00edfico"},"content":{"rendered":"\n<div class=\"wp-block-media-text is-stacked-on-mobile\" style=\"grid-template-columns:19% auto\"><figure class=\"wp-block-media-text__media\"><img loading=\"lazy\" decoding=\"async\" width=\"270\" height=\"271\" src=\"https:\/\/i0.wp.com\/cts-chile.cl\/xiencuentro\/wp-content\/uploads\/2023\/10\/1_Jimena-Carrasco.png?resize=270%2C271&#038;ssl=1\" alt=\"\" class=\"wp-image-1354 size-full\" srcset=\"https:\/\/i0.wp.com\/cts-chile.cl\/xiencuentro\/wp-content\/uploads\/2023\/10\/1_Jimena-Carrasco.png?w=270&amp;ssl=1 270w, https:\/\/i0.wp.com\/cts-chile.cl\/xiencuentro\/wp-content\/uploads\/2023\/10\/1_Jimena-Carrasco.png?resize=150%2C150&amp;ssl=1 150w\" sizes=\"auto, (max-width: 270px) 100vw, 270px\" data-recalc-dims=\"1\" \/><\/figure><div class=\"wp-block-media-text__content\">\n<p><strong>Jimena Carrasco | Presidenta<br><\/strong> Universidad Austral, Valdivia<\/p>\n\n\n\n<p class=\"has-small-font-size\">Acad\u00e9mica de la Facultad de Medicina de la Universidad Austral de Chile. Es Doctora y Mag\u00edster en Psicolog\u00eda Social por la Universidad Aut\u00f3noma de Barcelona (Espa\u00f1a), terapeuta ocupacional y Licenciada en Ciencias de la Ocupaci\u00f3n por la Universidad de Chile. Investigadora adjunta del N\u00facleo Milenio para Mejorar la Salud Mental de Adolescentes y J\u00f3venes (IMHAY). Sus principales \u00e1reas de investigaci\u00f3n se han centrado en intervenciones con personas con problemas de salud mental y enfermedades psiqui\u00e1tricas en Chile, adem\u00e1s de las pol\u00edticas y reformas en Salud, sistemas de salud mental y psiquiatr\u00eda, y estudios de gubernamentalidad.<\/p>\n<\/div><\/div>\n\n\n\n<div class=\"wp-block-media-text is-stacked-on-mobile\" style=\"grid-template-columns:19% auto\"><figure class=\"wp-block-media-text__media\"><img loading=\"lazy\" decoding=\"async\" width=\"1024\" height=\"1024\" src=\"https:\/\/i0.wp.com\/cts-chile.cl\/xiencuentro\/wp-content\/uploads\/2023\/10\/2_Lorena-Valderrama.jpeg?resize=1024%2C1024&#038;ssl=1\" alt=\"\" class=\"wp-image-1355 size-full\" srcset=\"https:\/\/i0.wp.com\/cts-chile.cl\/xiencuentro\/wp-content\/uploads\/2023\/10\/2_Lorena-Valderrama.jpeg?resize=1024%2C1024&amp;ssl=1 1024w, https:\/\/i0.wp.com\/cts-chile.cl\/xiencuentro\/wp-content\/uploads\/2023\/10\/2_Lorena-Valderrama.jpeg?resize=300%2C300&amp;ssl=1 300w, https:\/\/i0.wp.com\/cts-chile.cl\/xiencuentro\/wp-content\/uploads\/2023\/10\/2_Lorena-Valderrama.jpeg?resize=150%2C150&amp;ssl=1 150w, https:\/\/i0.wp.com\/cts-chile.cl\/xiencuentro\/wp-content\/uploads\/2023\/10\/2_Lorena-Valderrama.jpeg?resize=768%2C768&amp;ssl=1 768w, https:\/\/i0.wp.com\/cts-chile.cl\/xiencuentro\/wp-content\/uploads\/2023\/10\/2_Lorena-Valderrama.jpeg?w=1080&amp;ssl=1 1080w\" sizes=\"auto, (max-width: 1000px) 100vw, 1000px\" data-recalc-dims=\"1\" \/><\/figure><div class=\"wp-block-media-text__content\">\n<p><strong>Lorena Valderrama<br><\/strong>Universidad de Santiago de Chile, Santiago<\/p>\n\n\n\n<p class=\"has-small-font-size\">Profesora Asociada de la Escuela de Periodismo de la Universidad de Santiago de Chile. Es Doctora y Mag\u00edster en Historia de la Ciencia y Comunicaci\u00f3n Cient\u00edfica por la Universitat de Val\u00e8ncia (Espa\u00f1a), y periodista por la Universidad de Chile. Actualmente integra el Comit\u00e9 Asesor del Programa de Ciencia P\u00fablica del Ministerio de Ciencia de Chile y es integrante de la Asociaci\u00f3n Chilena de Periodistas y Profesionales para la Comunicaci\u00f3n de la Ciencia (ACHIPEC). Sus \u00e1reas de inter\u00e9s son la comunicaci\u00f3n cient\u00edfica, la historia y divulgaci\u00f3n de la ciencia y la tecnolog\u00eda durante los siglos XIX y XX, los estudios del riesgo de desastres y los estudios de controversias.<\/p>\n<\/div><\/div>\n\n\n\n<div class=\"wp-block-media-text is-stacked-on-mobile\" style=\"grid-template-columns:19% auto\"><figure class=\"wp-block-media-text__media\"><img loading=\"lazy\" decoding=\"async\" width=\"512\" height=\"512\" src=\"https:\/\/i0.wp.com\/cts-chile.cl\/xiencuentro\/wp-content\/uploads\/2023\/10\/3_Carla-Fardella.jpg?resize=512%2C512&#038;ssl=1\" alt=\"\" class=\"wp-image-1356 size-full\" srcset=\"https:\/\/i0.wp.com\/cts-chile.cl\/xiencuentro\/wp-content\/uploads\/2023\/10\/3_Carla-Fardella.jpg?w=512&amp;ssl=1 512w, https:\/\/i0.wp.com\/cts-chile.cl\/xiencuentro\/wp-content\/uploads\/2023\/10\/3_Carla-Fardella.jpg?resize=300%2C300&amp;ssl=1 300w, https:\/\/i0.wp.com\/cts-chile.cl\/xiencuentro\/wp-content\/uploads\/2023\/10\/3_Carla-Fardella.jpg?resize=150%2C150&amp;ssl=1 150w\" sizes=\"auto, (max-width: 512px) 100vw, 512px\" data-recalc-dims=\"1\" \/><\/figure><div class=\"wp-block-media-text__content\">\n<p><strong>Carla Fardella<br><\/strong>Universidad Andres Bello, Vi\u00f1a del Mar<\/p>\n\n\n\n<p class=\"has-small-font-size\">Investigadora Titular de la Facultad de Educaci\u00f3n y Ciencias Sociales y Coordinadora del \u00e1rea de Investigaci\u00f3n de la Universidad Andr\u00e9s Bello (UNAB). Es psic\u00f3loga, Doctora y M\u00e1ster en Psicolog\u00eda Social por la Universidad Aut\u00f3noma de Barcelona (Espa\u00f1a). Ha trabajado en asesor\u00edas y participaci\u00f3n en mesas t\u00e9cnicas con el fin de transferir su trabajo al dise\u00f1o de pol\u00edticas p\u00fablicas en educaci\u00f3n superior, al desarrollo de planes para las trayectorias cient\u00edficas y en la promoci\u00f3n de la equidad de g\u00e9nero en la educaci\u00f3n y la ciencia. Sus temas son los estudios sociales del trabajo, las subjetividades laborales, cotidianidad y procesos de trabajo.<\/p>\n<\/div><\/div>\n\n\n\n<div class=\"wp-block-media-text is-stacked-on-mobile\" style=\"grid-template-columns:19% auto\"><figure class=\"wp-block-media-text__media\"><img loading=\"lazy\" decoding=\"async\" width=\"1024\" height=\"1024\" src=\"https:\/\/i0.wp.com\/cts-chile.cl\/xiencuentro\/wp-content\/uploads\/2023\/10\/4_Maite-Salazar.jpg?resize=1024%2C1024&#038;ssl=1\" alt=\"\" class=\"wp-image-1357 size-full\" srcset=\"https:\/\/i0.wp.com\/cts-chile.cl\/xiencuentro\/wp-content\/uploads\/2023\/10\/4_Maite-Salazar.jpg?resize=1024%2C1024&amp;ssl=1 1024w, https:\/\/i0.wp.com\/cts-chile.cl\/xiencuentro\/wp-content\/uploads\/2023\/10\/4_Maite-Salazar.jpg?resize=300%2C300&amp;ssl=1 300w, https:\/\/i0.wp.com\/cts-chile.cl\/xiencuentro\/wp-content\/uploads\/2023\/10\/4_Maite-Salazar.jpg?resize=150%2C150&amp;ssl=1 150w, https:\/\/i0.wp.com\/cts-chile.cl\/xiencuentro\/wp-content\/uploads\/2023\/10\/4_Maite-Salazar.jpg?resize=768%2C768&amp;ssl=1 768w, https:\/\/i0.wp.com\/cts-chile.cl\/xiencuentro\/wp-content\/uploads\/2023\/10\/4_Maite-Salazar.jpg?w=1356&amp;ssl=1 1356w\" sizes=\"auto, (max-width: 1000px) 100vw, 1000px\" data-recalc-dims=\"1\" \/><\/figure><div class=\"wp-block-media-text__content\">\n<p><strong>Maite Salazar<\/strong><br>Pontificia Universidad Cat\u00f3lica de Chile, Santiago<\/p>\n\n\n\n<p class=\"has-small-font-size\">Investigadora y especialista en extensi\u00f3n del Instituto Milenio de Biolog\u00eda Integrativa (iBio) por la Pontificia Universidad Cat\u00f3lica. Doctora por la Michigan State University (EEUU) en Community Agriculture, Recreational and Resource Studies, y bioqu\u00edmica por la Universidad de Chile (UCH). Ha trabajado ampliamente en proyectos vinculados a la ciencia ciudadana y la participaci\u00f3n p\u00fablica en la ciencia, particularmente en lo que respecta a biotecnolog\u00eda, medio ambiente y acceso a la informaci\u00f3n. Sus temas de investigaci\u00f3n se centran en ciencia ciudadana, controversias sociot\u00e9cnicas y pol\u00edticas ambientales y cient\u00edficas.<\/p>\n<\/div><\/div>\n\n\n\n<div class=\"wp-block-media-text is-stacked-on-mobile\" style=\"grid-template-columns:19% auto\"><figure class=\"wp-block-media-text__media\"><img loading=\"lazy\" decoding=\"async\" width=\"1024\" height=\"905\" src=\"https:\/\/i0.wp.com\/cts-chile.cl\/xiencuentro\/wp-content\/uploads\/2023\/10\/5_Jorgelina-Sannazzaro.jpeg?resize=1024%2C905&#038;ssl=1\" alt=\"\" class=\"wp-image-1358 size-full\" srcset=\"https:\/\/i0.wp.com\/cts-chile.cl\/xiencuentro\/wp-content\/uploads\/2023\/10\/5_Jorgelina-Sannazzaro-scaled.jpeg?resize=1024%2C905&amp;ssl=1 1024w, https:\/\/i0.wp.com\/cts-chile.cl\/xiencuentro\/wp-content\/uploads\/2023\/10\/5_Jorgelina-Sannazzaro-scaled.jpeg?resize=300%2C265&amp;ssl=1 300w, https:\/\/i0.wp.com\/cts-chile.cl\/xiencuentro\/wp-content\/uploads\/2023\/10\/5_Jorgelina-Sannazzaro-scaled.jpeg?resize=768%2C679&amp;ssl=1 768w, https:\/\/i0.wp.com\/cts-chile.cl\/xiencuentro\/wp-content\/uploads\/2023\/10\/5_Jorgelina-Sannazzaro-scaled.jpeg?resize=1536%2C1357&amp;ssl=1 1536w, https:\/\/i0.wp.com\/cts-chile.cl\/xiencuentro\/wp-content\/uploads\/2023\/10\/5_Jorgelina-Sannazzaro-scaled.jpeg?resize=2048%2C1810&amp;ssl=1 2048w\" sizes=\"auto, (max-width: 1000px) 100vw, 1000px\" data-recalc-dims=\"1\" \/><\/figure><div class=\"wp-block-media-text__content\">\n<p><strong>Jorgelina Sannazzaro<br><\/strong>Universidad Mayor, Temuco<\/p>\n\n\n\n<p class=\"has-small-font-size\">Profesora Asistente del Centro de Resiliencia, Adaptaci\u00f3n y Mitigaci\u00f3n (CReAM) de la Universidad Mayor de Temuco. Es Doctora en Estudios Sociales de la Ciencia y la Tecnolog\u00eda por la Universidad de Salamanca (Espa\u00f1a), y psic\u00f3loga por la Universidad Nacional de Rosario (Argentina). Sus l\u00edneas de investigaci\u00f3n incluyen cambio global y educaci\u00f3n transformadora; estudios de Ciencia, Tecnolog\u00eda y G\u00e9nero; juventudes y cambio clim\u00e1tico; tecnolog\u00edas sustentables e interacci\u00f3n expertos\/p\u00fablicos.<\/p>\n<\/div><\/div>\n\n\n\n<div class=\"wp-block-media-text is-stacked-on-mobile\" style=\"grid-template-columns:19% auto\"><figure class=\"wp-block-media-text__media\"><img loading=\"lazy\" decoding=\"async\" width=\"1024\" height=\"1010\" src=\"https:\/\/i0.wp.com\/cts-chile.cl\/xiencuentro\/wp-content\/uploads\/2023\/10\/6_Colombina-Schaeffer.jpg?resize=1024%2C1010&#038;ssl=1\" alt=\"\" class=\"wp-image-1359 size-full\" srcset=\"https:\/\/i0.wp.com\/cts-chile.cl\/xiencuentro\/wp-content\/uploads\/2023\/10\/6_Colombina-Schaeffer.jpg?resize=1024%2C1010&amp;ssl=1 1024w, https:\/\/i0.wp.com\/cts-chile.cl\/xiencuentro\/wp-content\/uploads\/2023\/10\/6_Colombina-Schaeffer.jpg?resize=300%2C296&amp;ssl=1 300w, https:\/\/i0.wp.com\/cts-chile.cl\/xiencuentro\/wp-content\/uploads\/2023\/10\/6_Colombina-Schaeffer.jpg?resize=768%2C757&amp;ssl=1 768w, https:\/\/i0.wp.com\/cts-chile.cl\/xiencuentro\/wp-content\/uploads\/2023\/10\/6_Colombina-Schaeffer.jpg?resize=1536%2C1515&amp;ssl=1 1536w, https:\/\/i0.wp.com\/cts-chile.cl\/xiencuentro\/wp-content\/uploads\/2023\/10\/6_Colombina-Schaeffer.jpg?resize=2048%2C2020&amp;ssl=1 2048w\" sizes=\"auto, (max-width: 1000px) 100vw, 1000px\" data-recalc-dims=\"1\" \/><\/figure><div class=\"wp-block-media-text__content\">\n<p><strong>Colombina Sheaffer<\/strong><br>Ciudadan\u00eda Inteligente, Santiago<\/p>\n\n\n\n<p class=\"has-small-font-size\">Subdirectora de la Fundaci\u00f3n Ciudadan\u00eda Inteligente desde 2017, y tambi\u00e9n directora de proyectos y organizaciones de la sociedad civil. Doctora en Gobierno y Relaciones Internacionales por la Universidad de Sydney (Australia), y soci\u00f3loga por la Pontificia Universidad Cat\u00f3lica de Chile (PUC). Tiene inter\u00e9s por tem\u00e1ticas relacionadas con democracia, participaci\u00f3n ciudadana, movimientos sociales, ecolog\u00eda pol\u00edtica, estudios de la ciencia y tecnolog\u00eda, con foco en Chile y Am\u00e9rica Latina.<\/p>\n<\/div><\/div>\n\n\n\n<div class=\"wp-block-media-text is-stacked-on-mobile\" style=\"grid-template-columns:19% auto\"><figure class=\"wp-block-media-text__media\"><img loading=\"lazy\" decoding=\"async\" width=\"913\" height=\"1024\" src=\"https:\/\/i0.wp.com\/cts-chile.cl\/xiencuentro\/wp-content\/uploads\/2023\/10\/7_Sulan-Wong.jpeg?resize=913%2C1024&#038;ssl=1\" alt=\"\" class=\"wp-image-1360 size-full\" srcset=\"https:\/\/i0.wp.com\/cts-chile.cl\/xiencuentro\/wp-content\/uploads\/2023\/10\/7_Sulan-Wong-scaled.jpeg?resize=913%2C1024&amp;ssl=1 913w, https:\/\/i0.wp.com\/cts-chile.cl\/xiencuentro\/wp-content\/uploads\/2023\/10\/7_Sulan-Wong-scaled.jpeg?resize=268%2C300&amp;ssl=1 268w, https:\/\/i0.wp.com\/cts-chile.cl\/xiencuentro\/wp-content\/uploads\/2023\/10\/7_Sulan-Wong-scaled.jpeg?resize=768%2C861&amp;ssl=1 768w, https:\/\/i0.wp.com\/cts-chile.cl\/xiencuentro\/wp-content\/uploads\/2023\/10\/7_Sulan-Wong-scaled.jpeg?resize=1370%2C1536&amp;ssl=1 1370w, https:\/\/i0.wp.com\/cts-chile.cl\/xiencuentro\/wp-content\/uploads\/2023\/10\/7_Sulan-Wong-scaled.jpeg?resize=1827%2C2048&amp;ssl=1 1827w, https:\/\/i0.wp.com\/cts-chile.cl\/xiencuentro\/wp-content\/uploads\/2023\/10\/7_Sulan-Wong-scaled.jpeg?w=2000&amp;ssl=1 2000w\" sizes=\"auto, (max-width: 913px) 100vw, 913px\" data-recalc-dims=\"1\" \/><\/figure><div class=\"wp-block-media-text__content\">\n<p><strong>Sulan Wong<br><\/strong>Universidad de La Frontera, Temuco<\/p>\n\n\n\n<p class=\"has-small-font-size\">Profesora Asociada y Directora del Departamento de Ciencias Jur\u00eddicas de la Universidad de La Frontera (UFRO). Doctora en Derecho por la Universidad da Coru\u00f1a (Espa\u00f1a), y abogada por la Universidad de Los Andes (Venezuela). Integrante del Comit\u00e9 Consultivo de Ciencia Abierta de la UFRO y Coordinadora del Comit\u00e9 de Derecho de la Subdirecci\u00f3n de Capital Humano de la ANID. Sus temas de inter\u00e9s son la propiedad intelectual, el acceso a la cultura, el acceso a la ciencia, tecnolog\u00eda y sociedad.<\/p>\n<\/div><\/div>\n\n\n\n<div class=\"wp-block-media-text is-stacked-on-mobile\" style=\"grid-template-columns:19% auto\"><figure class=\"wp-block-media-text__media\"><img loading=\"lazy\" decoding=\"async\" width=\"1022\" height=\"1024\" src=\"https:\/\/i0.wp.com\/cts-chile.cl\/xiencuentro\/wp-content\/uploads\/2023\/10\/8_Andrea-Vera.jpg?resize=1022%2C1024&#038;ssl=1\" alt=\"\" class=\"wp-image-1361 size-full\" srcset=\"https:\/\/i0.wp.com\/cts-chile.cl\/xiencuentro\/wp-content\/uploads\/2023\/10\/8_Andrea-Vera-scaled.jpg?resize=1022%2C1024&amp;ssl=1 1022w, https:\/\/i0.wp.com\/cts-chile.cl\/xiencuentro\/wp-content\/uploads\/2023\/10\/8_Andrea-Vera-scaled.jpg?resize=300%2C300&amp;ssl=1 300w, https:\/\/i0.wp.com\/cts-chile.cl\/xiencuentro\/wp-content\/uploads\/2023\/10\/8_Andrea-Vera-scaled.jpg?resize=150%2C150&amp;ssl=1 150w, https:\/\/i0.wp.com\/cts-chile.cl\/xiencuentro\/wp-content\/uploads\/2023\/10\/8_Andrea-Vera-scaled.jpg?resize=768%2C769&amp;ssl=1 768w, https:\/\/i0.wp.com\/cts-chile.cl\/xiencuentro\/wp-content\/uploads\/2023\/10\/8_Andrea-Vera-scaled.jpg?resize=1533%2C1536&amp;ssl=1 1533w, https:\/\/i0.wp.com\/cts-chile.cl\/xiencuentro\/wp-content\/uploads\/2023\/10\/8_Andrea-Vera-scaled.jpg?resize=2044%2C2048&amp;ssl=1 2044w\" sizes=\"auto, (max-width: 1000px) 100vw, 1000px\" data-recalc-dims=\"1\" \/><\/figure><div class=\"wp-block-media-text__content\">\n<p><strong>Andrea Vera<br><\/strong>Universidad de Valparaiso, Valpara\u00edso<\/p>\n\n\n\n<p class=\"has-small-font-size\">Acad\u00e9mica del Instituto de Matem\u00e1ticas de la Universidad de Valpara\u00edso (UV). Postdoctorado en Matem\u00e1ticas por la Durham University (UK), Doctora en Ciencias menci\u00f3n Matem\u00e1ticas, Diplomada en Estudios de G\u00e9nero y Licenciada en Matem\u00e1ticas por la U. de Chile (UCH). Es investigadora del Instituto de Sistemas Complejos de Valpara\u00edso y del Centro de Estudios Interdisciplinarios en Teor\u00eda Social y Subjetividad (CEI-TESYS) de la UV. Su investigaci\u00f3n es interdisciplinaria y transita entre los estudios de g\u00e9nero, epistemolog\u00eda feminista, Estudios Sociales de la Ciencia y Tecnolog\u00eda y las matem\u00e1ticas.<\/p>\n<\/div><\/div>\n\n\n\n<div class=\"wp-block-media-text is-stacked-on-mobile\" style=\"grid-template-columns:19% auto\"><figure class=\"wp-block-media-text__media\"><img loading=\"lazy\" decoding=\"async\" width=\"975\" height=\"1024\" src=\"https:\/\/i0.wp.com\/cts-chile.cl\/xiencuentro\/wp-content\/uploads\/2023\/10\/9_Soledad-Quiroz.jpeg?resize=975%2C1024&#038;ssl=1\" alt=\"\" class=\"wp-image-1362 size-full\" srcset=\"https:\/\/i0.wp.com\/cts-chile.cl\/xiencuentro\/wp-content\/uploads\/2023\/10\/9_Soledad-Quiroz.jpeg?resize=975%2C1024&amp;ssl=1 975w, https:\/\/i0.wp.com\/cts-chile.cl\/xiencuentro\/wp-content\/uploads\/2023\/10\/9_Soledad-Quiroz.jpeg?resize=286%2C300&amp;ssl=1 286w, https:\/\/i0.wp.com\/cts-chile.cl\/xiencuentro\/wp-content\/uploads\/2023\/10\/9_Soledad-Quiroz.jpeg?resize=768%2C807&amp;ssl=1 768w, https:\/\/i0.wp.com\/cts-chile.cl\/xiencuentro\/wp-content\/uploads\/2023\/10\/9_Soledad-Quiroz.jpeg?resize=1462%2C1536&amp;ssl=1 1462w, https:\/\/i0.wp.com\/cts-chile.cl\/xiencuentro\/wp-content\/uploads\/2023\/10\/9_Soledad-Quiroz.jpeg?resize=1949%2C2048&amp;ssl=1 1949w, https:\/\/i0.wp.com\/cts-chile.cl\/xiencuentro\/wp-content\/uploads\/2023\/10\/9_Soledad-Quiroz.jpeg?w=2000&amp;ssl=1 2000w\" sizes=\"auto, (max-width: 975px) 100vw, 975px\" data-recalc-dims=\"1\" \/><\/figure><div class=\"wp-block-media-text__content\">\n<p><strong>Soledad Quiroz<\/strong><br>Universidad Central de Chile, Santiago<\/p>\n\n\n\n<p class=\"has-small-font-size\">Directora Alterna del proyecto Innovaci\u00f3n en Educaci\u00f3n Superior (InES) Ciencia Abierta de la Universidad Central de Chile (UCEN). Es Doctora en Bioqu\u00edmica y Biolog\u00eda Molecular por la Michigan State University (EEUU), M\u00e1ster en Pol\u00edticas P\u00fablicas y Gesti\u00f3n por la Carnegie Mellon University (EEUU), y bioqu\u00edmica de la Pontificia Universidad de Chile. Se ha especializado en pol\u00edtica cient\u00edfica y tecnol\u00f3gica, asesoramiento cient\u00edfico a tomadores de decisi\u00f3n, diplomacia cient\u00edfica y ciencia abierta.<\/p>\n<\/div><\/div>\n\n\n\n<div class=\"wp-block-media-text is-stacked-on-mobile\" style=\"grid-template-columns:19% auto\"><figure class=\"wp-block-media-text__media\"><img loading=\"lazy\" decoding=\"async\" width=\"1024\" height=\"1024\" src=\"https:\/\/i0.wp.com\/cts-chile.cl\/xiencuentro\/wp-content\/uploads\/2023\/10\/10_Barbara-Silva.jpeg?resize=1024%2C1024&#038;ssl=1\" alt=\"\" class=\"wp-image-1363 size-full\" srcset=\"https:\/\/i0.wp.com\/cts-chile.cl\/xiencuentro\/wp-content\/uploads\/2023\/10\/10_Barbara-Silva.jpeg?resize=1024%2C1024&amp;ssl=1 1024w, https:\/\/i0.wp.com\/cts-chile.cl\/xiencuentro\/wp-content\/uploads\/2023\/10\/10_Barbara-Silva.jpeg?resize=300%2C300&amp;ssl=1 300w, https:\/\/i0.wp.com\/cts-chile.cl\/xiencuentro\/wp-content\/uploads\/2023\/10\/10_Barbara-Silva.jpeg?resize=150%2C150&amp;ssl=1 150w, https:\/\/i0.wp.com\/cts-chile.cl\/xiencuentro\/wp-content\/uploads\/2023\/10\/10_Barbara-Silva.jpeg?resize=768%2C768&amp;ssl=1 768w, https:\/\/i0.wp.com\/cts-chile.cl\/xiencuentro\/wp-content\/uploads\/2023\/10\/10_Barbara-Silva.jpeg?resize=1536%2C1536&amp;ssl=1 1536w, https:\/\/i0.wp.com\/cts-chile.cl\/xiencuentro\/wp-content\/uploads\/2023\/10\/10_Barbara-Silva.jpeg?w=1780&amp;ssl=1 1780w\" sizes=\"auto, (max-width: 1000px) 100vw, 1000px\" data-recalc-dims=\"1\" \/><\/figure><div class=\"wp-block-media-text__content\">\n<p><strong>B\u00e1rbara Silva<br><\/strong>Pontificia Universidad Cat\u00f3lica de Chile, Santiago<\/p>\n\n\n\n<p class=\"has-small-font-size\">Profesora Asociada en nombramiento compartido de College y la Facultad de Historia, Geograf\u00eda y Ciencia Pol\u00edtica de la Pontificia Universidad Cat\u00f3lica de Chile (PUC). Doctora en Historia por la PUC, y Licenciada en Historia por la misma instituci\u00f3n. Sus \u00e1reas de trabajo son la historia contempor\u00e1nea de la ciencia, la diplomacia cient\u00edfica y los procesos de producci\u00f3n de conocimiento cient\u00edfico en perspectiva global. Trabaja temas como historia de la ciencia, historia de la astronom\u00eda y ciencia global.<\/p>\n<\/div><\/div>\n\n\n\n<div class=\"wp-block-media-text is-stacked-on-mobile\" style=\"grid-template-columns:19% auto\"><figure class=\"wp-block-media-text__media\"><img loading=\"lazy\" decoding=\"async\" width=\"700\" height=\"724\" src=\"https:\/\/i0.wp.com\/cts-chile.cl\/xiencuentro\/wp-content\/uploads\/2023\/10\/11_Maria-Gloria-Cayulef.jpeg?resize=700%2C724&#038;ssl=1\" alt=\"\" class=\"wp-image-1364 size-full\" srcset=\"https:\/\/i0.wp.com\/cts-chile.cl\/xiencuentro\/wp-content\/uploads\/2023\/10\/11_Maria-Gloria-Cayulef.jpeg?w=700&amp;ssl=1 700w, https:\/\/i0.wp.com\/cts-chile.cl\/xiencuentro\/wp-content\/uploads\/2023\/10\/11_Maria-Gloria-Cayulef.jpeg?resize=290%2C300&amp;ssl=1 290w\" sizes=\"auto, (max-width: 700px) 100vw, 700px\" data-recalc-dims=\"1\" \/><\/figure><div class=\"wp-block-media-text__content\">\n<p><strong>Mar\u00eda Gloria Cayulef<br><\/strong>Universidad Central de Chile, La Serena<\/p>\n\n\n\n<p class=\"has-small-font-size\">Investigadora mapuche y feminista, y Profesora Asistente del Instituto de Investigaci\u00f3n y Postgrado de la Facultad de Medicina y Ciencias de la Salud de la Universidad Central de Chile (UCEN), Regi\u00f3n Coquimbo. Doctora en Estudios de G\u00e9nero por la Universitat de Girona (Espa\u00f1a) y Mag\u00edster en Psicolog\u00eda Social Comunitaria por la Universidad de Valpara\u00edso (UV). Tambi\u00e9n dirige el Mag\u00edster en Estudios de G\u00e9nero e Intervenci\u00f3n Psicosocial UCEN-Coquimbo. Sus l\u00edneas de investigaci\u00f3n abordan las articulaciones entre las epistemolog\u00edas y metodolog\u00edas feministas descoloniales, ind\u00edgenas y psicolog\u00eda social cr\u00edtica.<\/p>\n<\/div><\/div>\n\n\n\n<div class=\"wp-block-media-text is-stacked-on-mobile\" style=\"grid-template-columns:19% auto\"><figure class=\"wp-block-media-text__media\"><img loading=\"lazy\" decoding=\"async\" width=\"300\" height=\"262\" src=\"https:\/\/i0.wp.com\/cts-chile.cl\/xiencuentro\/wp-content\/uploads\/2023\/10\/12_Karla-Palma.jpeg?resize=300%2C262&#038;ssl=1\" alt=\"\" class=\"wp-image-1365 size-full\" data-recalc-dims=\"1\"\/><\/figure><div class=\"wp-block-media-text__content\">\n<p><strong>Karla Palma<br><\/strong>Universidad de Chile, Santiago<\/p>\n\n\n\n<p class=\"has-small-font-size\">Profesora Asistente de la Facultad de Comunicaci\u00f3n e Imagen de la Universidad de Chile (UCH) e Investigadora Asociada del Centro de Investigaci\u00f3n para la Gesti\u00f3n Integrada del Riesgo de Desastres (CIGIDEN). Es Doctora en Comunicaci\u00f3n y Medios del por la University of Illinois Urbana-Champaign (Estados Unidos), y periodista y licenciada en Comunicaci\u00f3n Social por la Universidad de la Frontera (UFRO). Participa en distintos proyectos de educaci\u00f3n e investigaci\u00f3n transdisciplinar con comunidades locales en tem\u00e1ticas como la gesti\u00f3n integrada de zonas costeras. Sus \u00e1reas de inter\u00e9s son el pluralismo informativo, los desastres socioambientales, el extractivismo y la comunicaci\u00f3n.<\/p>\n<\/div><\/div>\n\n\n\n<div class=\"wp-block-media-text is-stacked-on-mobile\" style=\"grid-template-columns:19% auto\"><figure class=\"wp-block-media-text__media\"><img loading=\"lazy\" decoding=\"async\" width=\"1024\" height=\"1007\" src=\"https:\/\/i0.wp.com\/cts-chile.cl\/xiencuentro\/wp-content\/uploads\/2023\/10\/13_Cristina-Dorador.jpeg?resize=1024%2C1007&#038;ssl=1\" alt=\"\" class=\"wp-image-1366 size-full\" srcset=\"https:\/\/i0.wp.com\/cts-chile.cl\/xiencuentro\/wp-content\/uploads\/2023\/10\/13_Cristina-Dorador-scaled.jpeg?resize=1024%2C1007&amp;ssl=1 1024w, https:\/\/i0.wp.com\/cts-chile.cl\/xiencuentro\/wp-content\/uploads\/2023\/10\/13_Cristina-Dorador-scaled.jpeg?resize=300%2C295&amp;ssl=1 300w, https:\/\/i0.wp.com\/cts-chile.cl\/xiencuentro\/wp-content\/uploads\/2023\/10\/13_Cristina-Dorador-scaled.jpeg?resize=768%2C755&amp;ssl=1 768w, https:\/\/i0.wp.com\/cts-chile.cl\/xiencuentro\/wp-content\/uploads\/2023\/10\/13_Cristina-Dorador-scaled.jpeg?resize=1536%2C1510&amp;ssl=1 1536w, https:\/\/i0.wp.com\/cts-chile.cl\/xiencuentro\/wp-content\/uploads\/2023\/10\/13_Cristina-Dorador-scaled.jpeg?resize=2048%2C2013&amp;ssl=1 2048w\" sizes=\"auto, (max-width: 1000px) 100vw, 1000px\" data-recalc-dims=\"1\" \/><\/figure><div class=\"wp-block-media-text__content\">\n<p><strong>Cristina Dorador<br><\/strong>Universidad de Antofagasta, Antofagasta<\/p>\n\n\n\n<p class=\"has-small-font-size\">Profesora Asociada de la Universidad de Antofagasta (UA). Doctora en Ciencias Naturales menci\u00f3n en Microbiolog\u00eda de la Universidad de Kiel e Instituto Max Planck de Limnolog\u00eda (Alemania) y Licenciada en Ciencias menci\u00f3n en Biolog\u00eda de la Universidad de Chile (UCH). Ha sido miembro del Consejo de CONICYT, del International Board de la Sociedad Internacional de Ecolog\u00eda Microbiana (ISME) y fue electa Convencional Constituyente por la Regi\u00f3n de Antofagasta. Sus l\u00edneas de investigaci\u00f3n son la Microbiolog\u00eda y Ecolog\u00eda Microbiana, salares, ambientes extremos y temas inter y transdisciplinarios.<\/p>\n<\/div><\/div>\n\n\n\n<div class=\"wp-block-media-text is-stacked-on-mobile\" style=\"grid-template-columns:19% auto\"><figure class=\"wp-block-media-text__media\"><img loading=\"lazy\" decoding=\"async\" width=\"393\" height=\"393\" src=\"https:\/\/i0.wp.com\/cts-chile.cl\/xiencuentro\/wp-content\/uploads\/2023\/10\/14_Jen-Gabrys.jpeg?resize=393%2C393&#038;ssl=1\" alt=\"\" class=\"wp-image-1367 size-full\" srcset=\"https:\/\/i0.wp.com\/cts-chile.cl\/xiencuentro\/wp-content\/uploads\/2023\/10\/14_Jen-Gabrys.jpeg?w=393&amp;ssl=1 393w, https:\/\/i0.wp.com\/cts-chile.cl\/xiencuentro\/wp-content\/uploads\/2023\/10\/14_Jen-Gabrys.jpeg?resize=300%2C300&amp;ssl=1 300w, https:\/\/i0.wp.com\/cts-chile.cl\/xiencuentro\/wp-content\/uploads\/2023\/10\/14_Jen-Gabrys.jpeg?resize=150%2C150&amp;ssl=1 150w\" sizes=\"auto, (max-width: 393px) 100vw, 393px\" data-recalc-dims=\"1\" \/><\/figure><div class=\"wp-block-media-text__content\">\n<p><strong>Jeniffer Gabrys<br><\/strong>U. Cambridge, UK<\/p>\n\n\n\n<p class=\"has-small-font-size\">Directora de Medios de Comunicaci\u00f3n, Cultura y Medio Ambiente del Departamento de Sociolog\u00eda de la Universidad de Cambridge (Reino Unido). Dirige el grupo de investigaci\u00f3n Planetary Praxis y es investigadora principal del proyecto financiado por el ERC, Smart Forests: Transforming Environments into Social-Political Technologies. Es redactora en jefe de Big Data &amp; Society y coedita la serie de libros Planetarities, publicada por Goldsmiths Press. Su trabajo puede consultarse en planetarypraxis.org y smartforests.net.<\/p>\n<\/div><\/div>\n","protected":false},"excerpt":{"rendered":"<p>Jimena Carrasco | Presidenta Universidad Austral, Valdivia Acad\u00e9mica de la Facultad de Medicina de la Universidad Austral de Chile. Es Doctora y Mag\u00edster en Psicolog\u00eda Social por la Universidad Aut\u00f3noma de Barcelona (Espa\u00f1a), terapeuta ocupacional y Licenciada en Ciencias de la Ocupaci\u00f3n por la Universidad de Chile. Investigadora adjunta del N\u00facleo Milenio para Mejorar la [&hellip;]<\/p>\n","protected":false},"author":2,"featured_media":0,"parent":0,"menu_order":0,"comment_status":"closed","ping_status":"closed","template":"","meta":{"_themeisle_gutenberg_block_has_review":false,"footnotes":""},"class_list":["post-1342","page","type-page","status-publish","hentry"],"jetpack_sharing_enabled":true,"_links":{"self":[{"href":"https:\/\/cts-chile.cl\/xiencuentro\/wp-json\/wp\/v2\/pages\/1342","targetHints":{"allow":["GET"]}}],"collection":[{"href":"https:\/\/cts-chile.cl\/xiencuentro\/wp-json\/wp\/v2\/pages"}],"about":[{"href":"https:\/\/cts-chile.cl\/xiencuentro\/wp-json\/wp\/v2\/types\/page"}],"author":[{"embeddable":true,"href":"https:\/\/cts-chile.cl\/xiencuentro\/wp-json\/wp\/v2\/users\/2"}],"replies":[{"embeddable":true,"href":"https:\/\/cts-chile.cl\/xiencuentro\/wp-json\/wp\/v2\/comments?post=1342"}],"version-history":[{"count":10,"href":"https:\/\/cts-chile.cl\/xiencuentro\/wp-json\/wp\/v2\/pages\/1342\/revisions"}],"predecessor-version":[{"id":1373,"href":"https:\/\/cts-chile.cl\/xiencuentro\/wp-json\/wp\/v2\/pages\/1342\/revisions\/1373"}],"wp:attachment":[{"href":"https:\/\/cts-chile.cl\/xiencuentro\/wp-json\/wp\/v2\/media?parent=1342"}],"curies":[{"name":"wp","href":"https:\/\/api.w.org\/{rel}","templated":true}]}}