{"id":765,"date":"2017-10-16T12:29:09","date_gmt":"2017-10-16T12:29:09","guid":{"rendered":"http:\/\/deppo.tkdemos.com\/?post_type=jetpack-portfolio&#038;p=765"},"modified":"2024-10-15T09:51:03","modified_gmt":"2024-10-15T12:51:03","slug":"about","status":"publish","type":"jetpack-portfolio","link":"https:\/\/cts-chile.cl\/weblog\/portfolio\/about\/","title":{"rendered":"Sobre la red"},"content":{"rendered":"\n<h3 class=\"wp-block-heading\">Somos una red de acad\u00e9micos\/as, investigadores\/as, profesionales, estudiantes y personas interesadas en la facilitaci\u00f3n de encuentros y comunicaciones en el campo de los <strong>Estudios de Ciencia, Tecnolog\u00eda y Sociedad<\/strong> (CTS ) en Chile, vinculada tambi\u00e9n a otras regiones y colectivos.<\/h3>\n\n\n\n<p>Entre nuestros prop\u00f3sitos se encuentra el propiciar la <strong>difusi\u00f3n<\/strong> de los<strong> estudios CTS en Chile y la regi\u00f3n<\/strong>, generando espacios de <strong>reflexividad<\/strong> respecto al <strong>&#8220;tejido sin costuras&#8221;<\/strong> que componen las relaciones sim\u00e9tricas entre ciencia, tecnolog\u00eda y sociedad, considerando, por ejemplo, las transformaciones e impacto de desarrollos tecnocient\u00edficos, el estudio y abordaje de <strong>controversias<\/strong> socio-t\u00e9cnicas, la composici\u00f3n socio-pol\u00edtica del dise\u00f1o tecnol\u00f3gico, los procesos de transformaci\u00f3n y co-modificaci\u00f3n <strong>socio-natural<\/strong>, aproximaciones a la consideraci\u00f3n y composici\u00f3n de <strong>agencia<\/strong>, estudios de nuevas materialidades, la co-definici\u00f3n tecnocient\u00edfica y social, entre otros.<\/p>\n","protected":false},"excerpt":{"rendered":"<p>Somos una red de acad\u00e9micos\/as, investigadores\/as, profesionales, estudiantes y personas interesadas en la facilitaci\u00f3n de encuentros y comunicaciones en el campo de los Estudios de Ciencia, Tecnolog\u00eda y Sociedad (CTS ) en Chile, vinculada tambi\u00e9n a otras regiones y colectivos. Entre nuestros prop\u00f3sitos se encuentra el propiciar la difusi\u00f3n de los estudios CTS en Chile<\/p>\n","protected":false},"author":1,"featured_media":1078,"comment_status":"closed","ping_status":"closed","template":"","format":"standard","meta":{"jetpack_post_was_ever_published":false,"footnotes":"","jetpack_publicize_message":"","jetpack_publicize_feature_enabled":true,"jetpack_social_post_already_shared":true,"jetpack_social_options":{"image_generator_settings":{"template":"highway","default_image_id":0,"font":"","enabled":false},"version":2}},"tags":[12],"jetpack-portfolio-type":[15],"jetpack-portfolio-tag":[],"class_list":["post-765","jetpack-portfolio","type-jetpack-portfolio","status-publish","format-standard","has-post-thumbnail","hentry","tag-featured","jetpack-portfolio-type-description"],"jetpack_publicize_connections":[],"jetpack_sharing_enabled":true,"jetpack-related-posts":[{"id":3379,"url":"https:\/\/cts-chile.cl\/weblog\/portfolio\/xiii-encuentro-concepcion\/","url_meta":{"origin":765,"position":0},"title":"XIII Encuentro Concepci\u00f3n","author":"admin","date":"Septiembre 26, 2025","format":false,"excerpt":"Hace m\u00e1s de cinco d\u00e9cadas que el campo de Ciencia, Tecnoloog\u00eda y Sociedad ha sido un espacio de reflexi\u00f3n cr\u00edtica y propositiva en Europa, Estados Unidos y Canad\u00e1. En Chile, desde 2014, la\u202f Red Chilena de Ciencia, Tecnolog\u00eda y Sociedad (CTS-Chile)\u00a0ha realizado un encuentro anual. Al reunir a acad\u00e9micas\/os, estudiantes,\u2026","rel":"","context":"En \"featured\"","block_context":{"text":"featured","link":"https:\/\/cts-chile.cl\/weblog\/tag\/featured\/"},"img":{"alt_text":"","src":"https:\/\/i0.wp.com\/cts-chile.cl\/weblog\/wp-content\/uploads\/Screenshot-2025-09-26-at-12.38.05.jpg?fit=1200%2C1153&quality=99&ssl=1","width":320,"height":0,"srcset":"https:\/\/i0.wp.com\/cts-chile.cl\/weblog\/wp-content\/uploads\/Screenshot-2025-09-26-at-12.38.05.jpg?fit=1200%2C1153&quality=99&ssl=1 1x, https:\/\/i0.wp.com\/cts-chile.cl\/weblog\/wp-content\/uploads\/Screenshot-2025-09-26-at-12.38.05.jpg?fit=1200%2C1153&quality=99&ssl=1 1.5x, https:\/\/i0.wp.com\/cts-chile.cl\/weblog\/wp-content\/uploads\/Screenshot-2025-09-26-at-12.38.05.jpg?fit=1200%2C1153&quality=99&ssl=1 2x, https:\/\/i0.wp.com\/cts-chile.cl\/weblog\/wp-content\/uploads\/Screenshot-2025-09-26-at-12.38.05.jpg?fit=1200%2C1153&quality=99&ssl=1 3x"},"classes":[]},{"id":850,"url":"https:\/\/cts-chile.cl\/weblog\/portfolio\/actividades\/","url_meta":{"origin":765,"position":1},"title":"Actividades","author":"admin","date":"Octubre 16, 2017","format":false,"excerpt":"Entre las actividades que desarrollamos, se encuentran la difusi\u00f3n del campo de estudios de Ciencia, Tecnolog\u00eda y Sociedad (CTS), la configurar instancias de reflexividad interdisciplinaria, la generaci\u00f3n encuentros en el \u00e1mbito CTS, as\u00ed como el desarrollo de investigaci\u00f3n. Para conocer acerca de los encuentros, puedes seguir este enlace. Para informaci\u00f3n\u2026","rel":"","context":"En \"featured\"","block_context":{"text":"featured","link":"https:\/\/cts-chile.cl\/weblog\/tag\/featured\/"},"img":{"alt_text":"","src":"https:\/\/i0.wp.com\/cts-chile.cl\/weblog\/wp-content\/uploads\/2017\/10\/3170752469_23d04c28a8_b.jpg?fit=1001%2C1024&quality=99&ssl=1","width":320,"height":0,"srcset":"https:\/\/i0.wp.com\/cts-chile.cl\/weblog\/wp-content\/uploads\/2017\/10\/3170752469_23d04c28a8_b.jpg?fit=1001%2C1024&quality=99&ssl=1 1x, https:\/\/i0.wp.com\/cts-chile.cl\/weblog\/wp-content\/uploads\/2017\/10\/3170752469_23d04c28a8_b.jpg?fit=1001%2C1024&quality=99&ssl=1 1.5x, https:\/\/i0.wp.com\/cts-chile.cl\/weblog\/wp-content\/uploads\/2017\/10\/3170752469_23d04c28a8_b.jpg?fit=1001%2C1024&quality=99&ssl=1 2x, https:\/\/i0.wp.com\/cts-chile.cl\/weblog\/wp-content\/uploads\/2017\/10\/3170752469_23d04c28a8_b.jpg?fit=1001%2C1024&quality=99&ssl=1 3x"},"classes":[]},{"id":718,"url":"https:\/\/cts-chile.cl\/weblog\/portfolio\/welcome-to-finland\/","url_meta":{"origin":765,"position":2},"title":"XII Encuentro CTS-Chile Valpara\u00edso","author":"admin","date":"Octubre 11, 2017","format":false,"excerpt":"Se invita a la comunidad acad\u00e9mica, investigadora, profesional y estudiantil, a participar en el XII Encuentro CTS-Chile, que llevar\u00e1 por t\u00edtulo \u00abDerribando Fronteras\u00bb. Este lema refleja el car\u00e1cter multidisciplinar e interdisciplinar del evento, en el que se busca trascender los l\u00edmites tradicionales del conocimiento para abordar los desaf\u00edos contempor\u00e1neos desde\u2026","rel":"","context":"Entrada similar ","block_context":{"text":"Entrada similar ","link":""},"img":{"alt_text":"","src":"https:\/\/i0.wp.com\/cts-chile.cl\/weblog\/wp-content\/uploads\/Grafica-CTS_web-IG02-08_low.jpg?fit=960%2C1200&quality=99&ssl=1","width":320,"height":0,"srcset":"https:\/\/i0.wp.com\/cts-chile.cl\/weblog\/wp-content\/uploads\/Grafica-CTS_web-IG02-08_low.jpg?fit=960%2C1200&quality=99&ssl=1 1x, https:\/\/i0.wp.com\/cts-chile.cl\/weblog\/wp-content\/uploads\/Grafica-CTS_web-IG02-08_low.jpg?fit=960%2C1200&quality=99&ssl=1 1.5x, https:\/\/i0.wp.com\/cts-chile.cl\/weblog\/wp-content\/uploads\/Grafica-CTS_web-IG02-08_low.jpg?fit=960%2C1200&quality=99&ssl=1 2x, https:\/\/i0.wp.com\/cts-chile.cl\/weblog\/wp-content\/uploads\/Grafica-CTS_web-IG02-08_low.jpg?fit=960%2C1200&quality=99&ssl=1 3x"},"classes":[]},{"id":778,"url":"https:\/\/cts-chile.cl\/weblog\/portfolio\/trayectoria\/","url_meta":{"origin":765,"position":3},"title":"Im\u00e1genes","author":"admin","date":"Octubre 11, 2017","format":false,"excerpt":"","rel":"","context":"En \"featured\"","block_context":{"text":"featured","link":"https:\/\/cts-chile.cl\/weblog\/tag\/featured\/"},"img":{"alt_text":"","src":"https:\/\/i0.wp.com\/cts-chile.cl\/weblog\/wp-content\/uploads\/2017\/10\/3087342180_a5e519a801_b.jpg?fit=1024%2C1024&quality=99&ssl=1","width":320,"height":0,"srcset":"https:\/\/i0.wp.com\/cts-chile.cl\/weblog\/wp-content\/uploads\/2017\/10\/3087342180_a5e519a801_b.jpg?fit=1024%2C1024&quality=99&ssl=1 1x, https:\/\/i0.wp.com\/cts-chile.cl\/weblog\/wp-content\/uploads\/2017\/10\/3087342180_a5e519a801_b.jpg?fit=1024%2C1024&quality=99&ssl=1 1.5x, https:\/\/i0.wp.com\/cts-chile.cl\/weblog\/wp-content\/uploads\/2017\/10\/3087342180_a5e519a801_b.jpg?fit=1024%2C1024&quality=99&ssl=1 2x, https:\/\/i0.wp.com\/cts-chile.cl\/weblog\/wp-content\/uploads\/2017\/10\/3087342180_a5e519a801_b.jpg?fit=1024%2C1024&quality=99&ssl=1 3x"},"classes":[]}],"_links":{"self":[{"href":"https:\/\/cts-chile.cl\/weblog\/wp-json\/wp\/v2\/jetpack-portfolio\/765","targetHints":{"allow":["GET"]}}],"collection":[{"href":"https:\/\/cts-chile.cl\/weblog\/wp-json\/wp\/v2\/jetpack-portfolio"}],"about":[{"href":"https:\/\/cts-chile.cl\/weblog\/wp-json\/wp\/v2\/types\/jetpack-portfolio"}],"author":[{"embeddable":true,"href":"https:\/\/cts-chile.cl\/weblog\/wp-json\/wp\/v2\/users\/1"}],"replies":[{"embeddable":true,"href":"https:\/\/cts-chile.cl\/weblog\/wp-json\/wp\/v2\/comments?post=765"}],"version-history":[{"count":10,"href":"https:\/\/cts-chile.cl\/weblog\/wp-json\/wp\/v2\/jetpack-portfolio\/765\/revisions"}],"predecessor-version":[{"id":2881,"href":"https:\/\/cts-chile.cl\/weblog\/wp-json\/wp\/v2\/jetpack-portfolio\/765\/revisions\/2881"}],"wp:featuredmedia":[{"embeddable":true,"href":"https:\/\/cts-chile.cl\/weblog\/wp-json\/wp\/v2\/media\/1078"}],"wp:attachment":[{"href":"https:\/\/cts-chile.cl\/weblog\/wp-json\/wp\/v2\/media?parent=765"}],"wp:term":[{"taxonomy":"post_tag","embeddable":true,"href":"https:\/\/cts-chile.cl\/weblog\/wp-json\/wp\/v2\/tags?post=765"},{"taxonomy":"jetpack-portfolio-type","embeddable":true,"href":"https:\/\/cts-chile.cl\/weblog\/wp-json\/wp\/v2\/jetpack-portfolio-type?post=765"},{"taxonomy":"jetpack-portfolio-tag","embeddable":true,"href":"https:\/\/cts-chile.cl\/weblog\/wp-json\/wp\/v2\/jetpack-portfolio-tag?post=765"}],"curies":[{"name":"wp","href":"https:\/\/api.w.org\/{rel}","templated":true}]}}