{"id":718,"date":"2017-10-11T11:37:50","date_gmt":"2017-10-11T11:37:50","guid":{"rendered":"http:\/\/deppo.tkdemos.com\/?post_type=jetpack-portfolio&#038;p=718"},"modified":"2025-08-24T20:59:01","modified_gmt":"2025-08-25T00:59:01","slug":"welcome-to-finland","status":"publish","type":"jetpack-portfolio","link":"https:\/\/cts-chile.cl\/weblog\/portfolio\/welcome-to-finland\/","title":{"rendered":"XII Encuentro CTS-Chile Valpara\u00edso"},"content":{"rendered":"<h3>Se invita a la comunidad acad\u00e9mica, investigadora, profesional y estudiantil, a participar en el XII Encuentro CTS-Chile, que llevar\u00e1 por t\u00edtulo \u00abDerribando Fronteras\u00bb. Este lema refleja el car\u00e1cter multidisciplinar e interdisciplinar del evento, en el que se busca trascender los l\u00edmites tradicionales del conocimiento para abordar los desaf\u00edos contempor\u00e1neos desde perspectivas diversas y colaborativas.<\/h3>\n<h3>El Encuentro CTS-Chile es un espacio \u00fanico donde convergen ideas, enfoques y experiencias de diferentes disciplinas y \u00e1reas del saber. Este a\u00f1o, en l\u00ednea con el tema central, se busca explorar c\u00f3mo las fronteras entre ciencia, tecnolog\u00eda y sociedad se desdibujan, dando lugar a nuevas formas de entender, investigar e intervenir en el mundo que nos rodea. Proponemos derribar las barreras que separan los saberes, para construir juntos un di\u00e1logo que impulse soluciones innovadoras y socialmente responsables a los desaf\u00edos de nuestra \u00e9poca.<\/h3>\n<h3><a href=\"https:\/\/cts-chile.cl\/xiiencuentro\/\">M\u00e1s informaci\u00f3n en el Sitio Web del XII Encuentro CTS-Chile<\/a>.<\/h3>\n","protected":false},"excerpt":{"rendered":"<p>Se invita a la comunidad acad\u00e9mica, investigadora, profesional y estudiantil, a participar en el XII Encuentro CTS-Chile, que llevar\u00e1 por t\u00edtulo \u00abDerribando Fronteras\u00bb. Este lema refleja el car\u00e1cter multidisciplinar e interdisciplinar del evento, en el que se busca trascender los l\u00edmites tradicionales del conocimiento para abordar los desaf\u00edos contempor\u00e1neos desde perspectivas diversas y colaborativas. El<\/p>\n","protected":false},"author":1,"featured_media":2716,"comment_status":"closed","ping_status":"closed","template":"","format":"standard","meta":{"jetpack_post_was_ever_published":false,"footnotes":"","jetpack_publicize_message":"","jetpack_publicize_feature_enabled":true,"jetpack_social_post_already_shared":true,"jetpack_social_options":{"image_generator_settings":{"template":"highway","default_image_id":0,"font":"","enabled":false},"version":2}},"tags":[],"jetpack-portfolio-type":[95],"jetpack-portfolio-tag":[],"class_list":["post-718","jetpack-portfolio","type-jetpack-portfolio","status-publish","format-standard","has-post-thumbnail","hentry","jetpack-portfolio-type-encuentro"],"jetpack_publicize_connections":[],"jetpack_sharing_enabled":true,"jetpack-related-posts":[{"id":3379,"url":"https:\/\/cts-chile.cl\/weblog\/portfolio\/xiii-encuentro-concepcion\/","url_meta":{"origin":718,"position":0},"title":"XIII Encuentro Concepci\u00f3n","author":"admin","date":"Septiembre 26, 2025","format":false,"excerpt":"Hace m\u00e1s de cinco d\u00e9cadas que el campo de Ciencia, Tecnoloog\u00eda y Sociedad ha sido un espacio de reflexi\u00f3n cr\u00edtica y propositiva en Europa, Estados Unidos y Canad\u00e1. En Chile, desde 2014, la\u202f Red Chilena de Ciencia, Tecnolog\u00eda y Sociedad (CTS-Chile)\u00a0ha realizado un encuentro anual. Al reunir a acad\u00e9micas\/os, estudiantes,\u2026","rel":"","context":"En \"featured\"","block_context":{"text":"featured","link":"https:\/\/cts-chile.cl\/weblog\/tag\/featured\/"},"img":{"alt_text":"","src":"https:\/\/i0.wp.com\/cts-chile.cl\/weblog\/wp-content\/uploads\/Screenshot-2025-09-26-at-12.38.05.jpg?fit=1200%2C1153&quality=99&ssl=1","width":320,"height":0,"srcset":"https:\/\/i0.wp.com\/cts-chile.cl\/weblog\/wp-content\/uploads\/Screenshot-2025-09-26-at-12.38.05.jpg?fit=1200%2C1153&quality=99&ssl=1 1x, https:\/\/i0.wp.com\/cts-chile.cl\/weblog\/wp-content\/uploads\/Screenshot-2025-09-26-at-12.38.05.jpg?fit=1200%2C1153&quality=99&ssl=1 1.5x, https:\/\/i0.wp.com\/cts-chile.cl\/weblog\/wp-content\/uploads\/Screenshot-2025-09-26-at-12.38.05.jpg?fit=1200%2C1153&quality=99&ssl=1 2x, https:\/\/i0.wp.com\/cts-chile.cl\/weblog\/wp-content\/uploads\/Screenshot-2025-09-26-at-12.38.05.jpg?fit=1200%2C1153&quality=99&ssl=1 3x"},"classes":[]},{"id":765,"url":"https:\/\/cts-chile.cl\/weblog\/portfolio\/about\/","url_meta":{"origin":718,"position":1},"title":"Sobre la red","author":"admin","date":"Octubre 16, 2017","format":false,"excerpt":"Somos una red de acad\u00e9micos\/as, investigadores\/as, profesionales, estudiantes y personas interesadas en la facilitaci\u00f3n de encuentros y comunicaciones en el campo de los Estudios de Ciencia, Tecnolog\u00eda y Sociedad (CTS ) en Chile, vinculada tambi\u00e9n a otras regiones y colectivos. Entre nuestros prop\u00f3sitos se encuentra el propiciar la difusi\u00f3n de\u2026","rel":"","context":"En \"featured\"","block_context":{"text":"featured","link":"https:\/\/cts-chile.cl\/weblog\/tag\/featured\/"},"img":{"alt_text":"","src":"https:\/\/i0.wp.com\/cts-chile.cl\/weblog\/wp-content\/uploads\/2017\/10\/AdobeStock_296849105-scaled.jpeg?fit=1016%2C1200&quality=99&ssl=1","width":320,"height":0,"srcset":"https:\/\/i0.wp.com\/cts-chile.cl\/weblog\/wp-content\/uploads\/2017\/10\/AdobeStock_296849105-scaled.jpeg?fit=1016%2C1200&quality=99&ssl=1 1x, https:\/\/i0.wp.com\/cts-chile.cl\/weblog\/wp-content\/uploads\/2017\/10\/AdobeStock_296849105-scaled.jpeg?fit=1016%2C1200&quality=99&ssl=1 1.5x, https:\/\/i0.wp.com\/cts-chile.cl\/weblog\/wp-content\/uploads\/2017\/10\/AdobeStock_296849105-scaled.jpeg?fit=1016%2C1200&quality=99&ssl=1 2x, https:\/\/i0.wp.com\/cts-chile.cl\/weblog\/wp-content\/uploads\/2017\/10\/AdobeStock_296849105-scaled.jpeg?fit=1016%2C1200&quality=99&ssl=1 3x"},"classes":[]},{"id":850,"url":"https:\/\/cts-chile.cl\/weblog\/portfolio\/actividades\/","url_meta":{"origin":718,"position":2},"title":"Actividades","author":"admin","date":"Octubre 16, 2017","format":false,"excerpt":"Entre las actividades que desarrollamos, se encuentran la difusi\u00f3n del campo de estudios de Ciencia, Tecnolog\u00eda y Sociedad (CTS), la configurar instancias de reflexividad interdisciplinaria, la generaci\u00f3n encuentros en el \u00e1mbito CTS, as\u00ed como el desarrollo de investigaci\u00f3n. Para conocer acerca de los encuentros, puedes seguir este enlace. Para informaci\u00f3n\u2026","rel":"","context":"En \"featured\"","block_context":{"text":"featured","link":"https:\/\/cts-chile.cl\/weblog\/tag\/featured\/"},"img":{"alt_text":"","src":"https:\/\/i0.wp.com\/cts-chile.cl\/weblog\/wp-content\/uploads\/2017\/10\/3170752469_23d04c28a8_b.jpg?fit=1001%2C1024&quality=99&ssl=1","width":320,"height":0,"srcset":"https:\/\/i0.wp.com\/cts-chile.cl\/weblog\/wp-content\/uploads\/2017\/10\/3170752469_23d04c28a8_b.jpg?fit=1001%2C1024&quality=99&ssl=1 1x, https:\/\/i0.wp.com\/cts-chile.cl\/weblog\/wp-content\/uploads\/2017\/10\/3170752469_23d04c28a8_b.jpg?fit=1001%2C1024&quality=99&ssl=1 1.5x, https:\/\/i0.wp.com\/cts-chile.cl\/weblog\/wp-content\/uploads\/2017\/10\/3170752469_23d04c28a8_b.jpg?fit=1001%2C1024&quality=99&ssl=1 2x, https:\/\/i0.wp.com\/cts-chile.cl\/weblog\/wp-content\/uploads\/2017\/10\/3170752469_23d04c28a8_b.jpg?fit=1001%2C1024&quality=99&ssl=1 3x"},"classes":[]},{"id":778,"url":"https:\/\/cts-chile.cl\/weblog\/portfolio\/trayectoria\/","url_meta":{"origin":718,"position":3},"title":"Im\u00e1genes","author":"admin","date":"Octubre 11, 2017","format":false,"excerpt":"","rel":"","context":"En \"featured\"","block_context":{"text":"featured","link":"https:\/\/cts-chile.cl\/weblog\/tag\/featured\/"},"img":{"alt_text":"","src":"https:\/\/i0.wp.com\/cts-chile.cl\/weblog\/wp-content\/uploads\/2017\/10\/3087342180_a5e519a801_b.jpg?fit=1024%2C1024&quality=99&ssl=1","width":320,"height":0,"srcset":"https:\/\/i0.wp.com\/cts-chile.cl\/weblog\/wp-content\/uploads\/2017\/10\/3087342180_a5e519a801_b.jpg?fit=1024%2C1024&quality=99&ssl=1 1x, https:\/\/i0.wp.com\/cts-chile.cl\/weblog\/wp-content\/uploads\/2017\/10\/3087342180_a5e519a801_b.jpg?fit=1024%2C1024&quality=99&ssl=1 1.5x, https:\/\/i0.wp.com\/cts-chile.cl\/weblog\/wp-content\/uploads\/2017\/10\/3087342180_a5e519a801_b.jpg?fit=1024%2C1024&quality=99&ssl=1 2x, https:\/\/i0.wp.com\/cts-chile.cl\/weblog\/wp-content\/uploads\/2017\/10\/3087342180_a5e519a801_b.jpg?fit=1024%2C1024&quality=99&ssl=1 3x"},"classes":[]}],"_links":{"self":[{"href":"https:\/\/cts-chile.cl\/weblog\/wp-json\/wp\/v2\/jetpack-portfolio\/718","targetHints":{"allow":["GET"]}}],"collection":[{"href":"https:\/\/cts-chile.cl\/weblog\/wp-json\/wp\/v2\/jetpack-portfolio"}],"about":[{"href":"https:\/\/cts-chile.cl\/weblog\/wp-json\/wp\/v2\/types\/jetpack-portfolio"}],"author":[{"embeddable":true,"href":"https:\/\/cts-chile.cl\/weblog\/wp-json\/wp\/v2\/users\/1"}],"replies":[{"embeddable":true,"href":"https:\/\/cts-chile.cl\/weblog\/wp-json\/wp\/v2\/comments?post=718"}],"version-history":[{"count":6,"href":"https:\/\/cts-chile.cl\/weblog\/wp-json\/wp\/v2\/jetpack-portfolio\/718\/revisions"}],"predecessor-version":[{"id":2723,"href":"https:\/\/cts-chile.cl\/weblog\/wp-json\/wp\/v2\/jetpack-portfolio\/718\/revisions\/2723"}],"wp:featuredmedia":[{"embeddable":true,"href":"https:\/\/cts-chile.cl\/weblog\/wp-json\/wp\/v2\/media\/2716"}],"wp:attachment":[{"href":"https:\/\/cts-chile.cl\/weblog\/wp-json\/wp\/v2\/media?parent=718"}],"wp:term":[{"taxonomy":"post_tag","embeddable":true,"href":"https:\/\/cts-chile.cl\/weblog\/wp-json\/wp\/v2\/tags?post=718"},{"taxonomy":"jetpack-portfolio-type","embeddable":true,"href":"https:\/\/cts-chile.cl\/weblog\/wp-json\/wp\/v2\/jetpack-portfolio-type?post=718"},{"taxonomy":"jetpack-portfolio-tag","embeddable":true,"href":"https:\/\/cts-chile.cl\/weblog\/wp-json\/wp\/v2\/jetpack-portfolio-tag?post=718"}],"curies":[{"name":"wp","href":"https:\/\/api.w.org\/{rel}","templated":true}]}}