{"id":292,"date":"2021-10-23T22:37:54","date_gmt":"2021-10-23T22:37:54","guid":{"rendered":"https:\/\/cts-chile.cl\/ixencuentro\/?page_id=292"},"modified":"2021-10-24T00:13:56","modified_gmt":"2021-10-24T00:13:56","slug":"convocatoria","status":"publish","type":"page","link":"https:\/\/cts-chile.cl\/ixencuentro\/convocatoria\/","title":{"rendered":"Convocatoria"},"content":{"rendered":"\n<figure class=\"wp-block-image size-large\"><img data-recalc-dims=\"1\" loading=\"lazy\" decoding=\"async\" width=\"1024\" height=\"506\" src=\"https:\/\/i0.wp.com\/cts-chile.cl\/ixencuentro\/wp-content\/uploads\/2019\/12\/Screenshot-2021-10-11-at-21.45.31.jpg?resize=1024%2C506&#038;ssl=1\" alt=\"\" class=\"wp-image-215\" srcset=\"https:\/\/i0.wp.com\/cts-chile.cl\/ixencuentro\/wp-content\/uploads\/2019\/12\/Screenshot-2021-10-11-at-21.45.31-scaled.jpg?resize=1024%2C506&amp;ssl=1 1024w, https:\/\/i0.wp.com\/cts-chile.cl\/ixencuentro\/wp-content\/uploads\/2019\/12\/Screenshot-2021-10-11-at-21.45.31-scaled.jpg?resize=300%2C148&amp;ssl=1 300w, https:\/\/i0.wp.com\/cts-chile.cl\/ixencuentro\/wp-content\/uploads\/2019\/12\/Screenshot-2021-10-11-at-21.45.31-scaled.jpg?resize=768%2C380&amp;ssl=1 768w, https:\/\/i0.wp.com\/cts-chile.cl\/ixencuentro\/wp-content\/uploads\/2019\/12\/Screenshot-2021-10-11-at-21.45.31-scaled.jpg?resize=1536%2C760&amp;ssl=1 1536w, https:\/\/i0.wp.com\/cts-chile.cl\/ixencuentro\/wp-content\/uploads\/2019\/12\/Screenshot-2021-10-11-at-21.45.31-scaled.jpg?resize=2048%2C1013&amp;ssl=1 2048w, https:\/\/i0.wp.com\/cts-chile.cl\/ixencuentro\/wp-content\/uploads\/2019\/12\/Screenshot-2021-10-11-at-21.45.31-scaled.jpg?resize=690%2C341&amp;ssl=1 690w, https:\/\/i0.wp.com\/cts-chile.cl\/ixencuentro\/wp-content\/uploads\/2019\/12\/Screenshot-2021-10-11-at-21.45.31-scaled.jpg?resize=1317%2C651&amp;ssl=1 1317w, https:\/\/i0.wp.com\/cts-chile.cl\/ixencuentro\/wp-content\/uploads\/2019\/12\/Screenshot-2021-10-11-at-21.45.31-scaled.jpg?resize=800%2C396&amp;ssl=1 800w, https:\/\/i0.wp.com\/cts-chile.cl\/ixencuentro\/wp-content\/uploads\/2019\/12\/Screenshot-2021-10-11-at-21.45.31-scaled.jpg?resize=1400%2C692&amp;ssl=1 1400w\" sizes=\"auto, (max-width: 1024px) 100vw, 1024px\" \/><\/figure>\n\n\n\n<p class=\"has-vivid-red-color has-text-color\">Un abismo nos invita a especular sobre los l\u00edmites: imaginar las continuidades y posibles discontinuidades, pero, sobre todo, a jugar con las fronteras y los procesos que definen la perpetuaci\u00f3n de lo existente o la emergencia de algo nuevo. Una pol\u00edtica del abismo nos desplaza al campo de posibilidades sobre los umbrales que definen la reiteraci\u00f3n o la diferencia y, sobre todo, el potencial para la rearticulaci\u00f3n en algo diverso.&nbsp;<\/p>\n\n\n\n<p>Las pol\u00edticas del abismo avivan nuestro pensamiento acerca de aquello que nos sostiene estables-inestables, merodeando en pasarelas deslizantes, formas jabonosas, geograf\u00edas pantanosas. Estas pol\u00edticas nos incitan a movernos, a tocarnos, a respirar o dejar de hacerlo. Los abismos, los vac\u00edos, van orquestando los insondables impulsos de tanta corporalidad que se mantiene en el fluir, en el resistir la nada.<\/p>\n\n\n\n<p class=\"has-vivid-red-color has-text-color\">Este a\u00f1o, pretendemos invitar a situar en las conversaciones del encuentro de la red CTS-Chile la pregunta sobre la definici\u00f3n de los l\u00edmites entre las rutinas y su diversificaci\u00f3n, entre lo habitual y lo distinto. Nuestros despertares sociales y tantos desastres ecol\u00f3gicos siguen poniendo al frente las rajaduras del extractivismo y las explotaciones humanas y m\u00e1s-que-humanas. Esto nos interpela en un tono, como dir\u00eda Joao Gimaraes Rosa, donde: \u201cvivir es un rasgar-se y remendar-se\u201d, situ\u00e1ndonos en medio de vibraciones persistentes gracias a difracciones e intra-acciones cu\u00e1nticas (Barad, 2007).<\/p>\n\n\n\n<p>Estas y otras elucubraciones nos convocan en este nuevo encuentro a poner atenci\u00f3n, a escuchar algunos modos para rodear, suspender, dejar entre par\u00e9ntesis (Maturana, 1978) o lisa y llanamente, eliminar binarismos como sujeto\/objeto, ciencia\/sociedad, materia\/discurso, considerados categor\u00edas cartesianas de pensamiento-patriarcal centradas en el humano y su agencia exclusiva.<\/p>\n\n\n\n<p class=\"has-vivid-red-color has-text-color\">Llamamos a las personas que investigan, crean, aprenden, se educan en los l\u00edmites y m\u00e1s all\u00e1 de las disciplinas para compartir y promover instancias acad\u00e9micas, creativas, populares que contribuyan y sobrepasen los estudios ciencia, tecnolog\u00eda y sociedad que posibilitan la red Ciencia, Tecnolog\u00eda y Sociedad chilena, en sus encuentros anuales, ahora en su novena versi\u00f3n.<\/p>\n\n\n\n<p>M\u00e1s informaci\u00f3n sobre c\u00f3mo participar, <a href=\"https:\/\/cts-chile.cl\/ixencuentro\/participa\/\">aqu\u00ed<\/a>.<\/p>\n\n\n\n<p><\/p>\n\n\n\n<figure class=\"wp-block-image size-large\"><img data-recalc-dims=\"1\" loading=\"lazy\" decoding=\"async\" width=\"1024\" height=\"174\" src=\"https:\/\/i0.wp.com\/cts-chile.cl\/ixencuentro\/wp-content\/uploads\/2021\/10\/CTS_side.png?resize=1024%2C174&#038;ssl=1\" alt=\"\" class=\"wp-image-334\" srcset=\"https:\/\/i0.wp.com\/cts-chile.cl\/ixencuentro\/wp-content\/uploads\/2021\/10\/CTS_side.png?resize=1024%2C174&amp;ssl=1 1024w, https:\/\/i0.wp.com\/cts-chile.cl\/ixencuentro\/wp-content\/uploads\/2021\/10\/CTS_side.png?resize=300%2C51&amp;ssl=1 300w, https:\/\/i0.wp.com\/cts-chile.cl\/ixencuentro\/wp-content\/uploads\/2021\/10\/CTS_side.png?resize=768%2C131&amp;ssl=1 768w, https:\/\/i0.wp.com\/cts-chile.cl\/ixencuentro\/wp-content\/uploads\/2021\/10\/CTS_side.png?resize=1536%2C262&amp;ssl=1 1536w, https:\/\/i0.wp.com\/cts-chile.cl\/ixencuentro\/wp-content\/uploads\/2021\/10\/CTS_side.png?resize=2048%2C349&amp;ssl=1 2048w, https:\/\/i0.wp.com\/cts-chile.cl\/ixencuentro\/wp-content\/uploads\/2021\/10\/CTS_side.png?resize=690%2C117&amp;ssl=1 690w, https:\/\/i0.wp.com\/cts-chile.cl\/ixencuentro\/wp-content\/uploads\/2021\/10\/CTS_side.png?resize=1317%2C224&amp;ssl=1 1317w, https:\/\/i0.wp.com\/cts-chile.cl\/ixencuentro\/wp-content\/uploads\/2021\/10\/CTS_side.png?resize=800%2C136&amp;ssl=1 800w, https:\/\/i0.wp.com\/cts-chile.cl\/ixencuentro\/wp-content\/uploads\/2021\/10\/CTS_side.png?resize=1400%2C238&amp;ssl=1 1400w\" sizes=\"auto, (max-width: 1024px) 100vw, 1024px\" \/><\/figure>\n","protected":false},"excerpt":{"rendered":"<p>Un abismo nos invita a especular sobre los l\u00edmites: imaginar las continuidades y posibles discontinuidades, pero, sobre todo, a jugar con las fronteras y los procesos que definen la perpetuaci\u00f3n de lo existente o la emergencia de algo nuevo. Una pol\u00edtica del abismo nos desplaza al campo de posibilidades sobre los umbrales que definen la&hellip;<\/p>\n<a class=\"read-more-link\" href=\" https:\/\/cts-chile.cl\/ixencuentro\/convocatoria\/ \">Read More<\/a>","protected":false},"author":1,"featured_media":0,"parent":0,"menu_order":0,"comment_status":"closed","ping_status":"closed","template":"","meta":{"footnotes":""},"class_list":["post-292","page","type-page","status-publish","hentry","col-sm-6"],"jetpack_sharing_enabled":true,"_links":{"self":[{"href":"https:\/\/cts-chile.cl\/ixencuentro\/wp-json\/wp\/v2\/pages\/292","targetHints":{"allow":["GET"]}}],"collection":[{"href":"https:\/\/cts-chile.cl\/ixencuentro\/wp-json\/wp\/v2\/pages"}],"about":[{"href":"https:\/\/cts-chile.cl\/ixencuentro\/wp-json\/wp\/v2\/types\/page"}],"author":[{"embeddable":true,"href":"https:\/\/cts-chile.cl\/ixencuentro\/wp-json\/wp\/v2\/users\/1"}],"replies":[{"embeddable":true,"href":"https:\/\/cts-chile.cl\/ixencuentro\/wp-json\/wp\/v2\/comments?post=292"}],"version-history":[{"count":3,"href":"https:\/\/cts-chile.cl\/ixencuentro\/wp-json\/wp\/v2\/pages\/292\/revisions"}],"predecessor-version":[{"id":335,"href":"https:\/\/cts-chile.cl\/ixencuentro\/wp-json\/wp\/v2\/pages\/292\/revisions\/335"}],"wp:attachment":[{"href":"https:\/\/cts-chile.cl\/ixencuentro\/wp-json\/wp\/v2\/media?parent=292"}],"curies":[{"name":"wp","href":"https:\/\/api.w.org\/{rel}","templated":true}]}}